{"id":529,"date":"2026-08-14T12:48:36","date_gmt":"2026-08-14T12:48:36","guid":{"rendered":"http:\/\/emc-studios.com\/referenzen\/"},"modified":"2026-09-01T08:56:24","modified_gmt":"2026-09-01T08:56:24","slug":"portfolio","status":"publish","type":"page","link":"https:\/\/emc-studios.com\/en\/portfolio\/","title":{"rendered":"Portfolio"},"content":{"rendered":"\t\t<div data-elementor-type=\"wp-page\" data-elementor-id=\"529\" class=\"elementor elementor-529\" data-elementor-post-type=\"page\">\n\t\t\t\t<div class=\"elementor-element elementor-element-cd1e4aa e-flex e-con-boxed e-con e-parent\" data-id=\"cd1e4aa\" data-element_type=\"container\" data-e-type=\"container\" data-settings=\"{&quot;background_background&quot;:&quot;classic&quot;}\">\n\t\t\t\t\t<div class=\"e-con-inner\">\n\t\t<div class=\"elementor-element elementor-element-87f238a e-con-full e-flex e-con e-child\" data-id=\"87f238a\" data-element_type=\"container\" data-e-type=\"container\">\n\t\t\t\t<div class=\"elementor-element elementor-element-3e2330a elementor-widget elementor-widget-heading\" data-id=\"3e2330a\" data-element_type=\"widget\" data-e-type=\"widget\" data-widget_type=\"heading.default\">\n\t\t\t\t\t<div class=\"elementor-heading-title elementor-size-default\">Ausgew\u00e4hlte Arbeiten<\/div>\t\t\t\t<\/div>\n\t\t\t\t<div class=\"elementor-element elementor-element-87979f1 elementor-widget elementor-widget-heading\" data-id=\"87979f1\" data-element_type=\"widget\" data-e-type=\"widget\" data-widget_type=\"heading.default\">\n\t\t\t\t\t<h1 class=\"elementor-heading-title elementor-size-default\">Kunden, Projekte und Geschichten, die sichtbar wirken.<\/h1>\t\t\t\t<\/div>\n\t\t<div class=\"elementor-element elementor-element-8af2b3f e-flex e-con-boxed e-con e-child\" data-id=\"8af2b3f\" data-element_type=\"container\" data-e-type=\"container\">\n\t\t\t\t\t<div class=\"e-con-inner\">\n\t\t\t\t<div class=\"elementor-element elementor-element-98a88b5 elementor-widget__width-initial elementor-widget elementor-widget-text-editor\" data-id=\"98a88b5\" data-element_type=\"widget\" data-e-type=\"widget\" data-widget_type=\"text-editor.default\">\n\t\t\t\t\t\t\t\t\t<p>Eine Auswahl aus Film, Event, Fotografie und laufender Markenkommunikation.<\/p>\t\t\t\t\t\t\t\t<\/div>\n\t\t<div class=\"elementor-element elementor-element-ee68b76 e-con-full e-flex e-con e-child\" data-id=\"ee68b76\" data-element_type=\"container\" data-e-type=\"container\" data-settings=\"{&quot;background_background&quot;:&quot;classic&quot;}\">\n\t\t\t\t<div class=\"elementor-element elementor-element-819b18f elementor-widget elementor-widget-heading\" data-id=\"819b18f\" data-element_type=\"widget\" data-e-type=\"widget\" data-widget_type=\"heading.default\">\n\t\t\t\t\t<div class=\"elementor-heading-title elementor-size-default\"><a href=\"#strategisches-marketing\">Strategisches Marketing<\/a><\/div>\t\t\t\t<\/div>\n\t\t\t\t<div class=\"elementor-element elementor-element-23aae52 elementor-widget elementor-widget-heading\" data-id=\"23aae52\" data-element_type=\"widget\" data-e-type=\"widget\" data-widget_type=\"heading.default\">\n\t\t\t\t\t<div class=\"elementor-heading-title elementor-size-default\"><a href=\"#imagefilme\">Imagefilme<\/a><\/div>\t\t\t\t<\/div>\n\t\t\t\t<div class=\"elementor-element elementor-element-84ba551 elementor-widget elementor-widget-heading\" data-id=\"84ba551\" data-element_type=\"widget\" data-e-type=\"widget\" data-widget_type=\"heading.default\">\n\t\t\t\t\t<div class=\"elementor-heading-title elementor-size-default\"><a href=\"#eventfilme-aftermovies\">Eventfilme &amp; Aftermovies<\/a><\/div>\t\t\t\t<\/div>\n\t\t\t\t<div class=\"elementor-element elementor-element-664a606 elementor-widget elementor-widget-heading\" data-id=\"664a606\" data-element_type=\"widget\" data-e-type=\"widget\" data-widget_type=\"heading.default\">\n\t\t\t\t\t<div class=\"elementor-heading-title elementor-size-default\"><a href=\"#eventreportage\">Eventreportage<\/a><\/div>\t\t\t\t<\/div>\n\t\t\t\t<\/div>\n\t\t\t\t\t<\/div>\n\t\t\t\t<\/div>\n\t\t\t\t<\/div>\n\t\t\t\t\t<\/div>\n\t\t\t\t<\/div>\n\t\t<div class=\"elementor-element elementor-element-0e93eec e-con-full e-flex e-con e-parent\" data-id=\"0e93eec\" data-element_type=\"container\" data-e-type=\"container\" data-settings=\"{&quot;background_background&quot;:&quot;classic&quot;}\">\n\t\t\t\t<div class=\"elementor-element elementor-element-9d325fd elementor-widget elementor-widget-image-carousel\" data-id=\"9d325fd\" data-element_type=\"widget\" data-e-type=\"widget\" data-settings=\"{&quot;navigation&quot;:&quot;none&quot;,&quot;autoplay_speed&quot;:1000,&quot;slides_to_show_mobile&quot;:&quot;2&quot;,&quot;slides_to_scroll&quot;:&quot;1&quot;,&quot;slides_to_show&quot;:&quot;6&quot;,&quot;speed&quot;:5000,&quot;image_spacing_custom&quot;:{&quot;unit&quot;:&quot;px&quot;,&quot;size&quot;:96,&quot;sizes&quot;:[]},&quot;autoplay&quot;:&quot;yes&quot;,&quot;pause_on_hover&quot;:&quot;yes&quot;,&quot;infinite&quot;:&quot;yes&quot;,&quot;image_spacing_custom_tablet&quot;:{&quot;unit&quot;:&quot;px&quot;,&quot;size&quot;:&quot;&quot;,&quot;sizes&quot;:[]},&quot;image_spacing_custom_mobile&quot;:{&quot;unit&quot;:&quot;px&quot;,&quot;size&quot;:&quot;&quot;,&quot;sizes&quot;:[]}}\" data-widget_type=\"image-carousel.default\">\n\t\t\t\t\t\t\t<div class=\"elementor-image-carousel-wrapper swiper\" role=\"region\" aria-roledescription=\"carousel\" aria-label=\"Image Carousel\" dir=\"ltr\">\n\t\t\t<div class=\"elementor-image-carousel swiper-wrapper swiper-image-stretch\" aria-live=\"off\">\n\t\t\t\t\t\t\t\t<div class=\"swiper-slide\" role=\"group\" aria-roledescription=\"slide\" aria-label=\"1 von 6\"><figure class=\"swiper-slide-inner\"><img decoding=\"async\" class=\"swiper-slide-image\" src=\"https:\/\/emc-studios.com\/wp-content\/uploads\/2026\/08\/stadt-mayen.svg\" alt=\"Stadt Mayen Logo\" \/><\/figure><\/div><div class=\"swiper-slide\" role=\"group\" aria-roledescription=\"slide\" aria-label=\"2 von 6\"><figure class=\"swiper-slide-inner\"><img decoding=\"async\" class=\"swiper-slide-image\" src=\"https:\/\/emc-studios.com\/wp-content\/uploads\/2026\/08\/Porsche-Koblenz-1.webp\" alt=\"Porsche Koblenz\" \/><\/figure><\/div><div class=\"swiper-slide\" role=\"group\" aria-roledescription=\"slide\" aria-label=\"3 von 6\"><figure class=\"swiper-slide-inner\"><img decoding=\"async\" class=\"swiper-slide-image\" src=\"https:\/\/emc-studios.com\/wp-content\/uploads\/2026\/08\/ministerium-innern-integration-verkehr-rlp.svg\" alt=\"Ministerium des Innern, f\u00fcr Integration und Verkehr Rheinland-Pfalz Logo\" \/><\/figure><\/div><div class=\"swiper-slide\" role=\"group\" aria-roledescription=\"slide\" aria-label=\"4 von 6\"><figure class=\"swiper-slide-inner\"><img decoding=\"async\" class=\"swiper-slide-image\" src=\"https:\/\/emc-studios.com\/wp-content\/uploads\/2026\/08\/elektro-kuenster.png\" alt=\"Elektro K\u00fcnster Logo\" \/><\/figure><\/div><div class=\"swiper-slide\" role=\"group\" aria-roledescription=\"slide\" aria-label=\"5 von 6\"><figure class=\"swiper-slide-inner\"><img decoding=\"async\" class=\"swiper-slide-image\" src=\"https:\/\/emc-studios.com\/wp-content\/uploads\/2026\/08\/ahsenmacher.webp\" alt=\"ahsenmacher\" \/><\/figure><\/div><div class=\"swiper-slide\" role=\"group\" aria-roledescription=\"slide\" aria-label=\"6 von 6\"><figure class=\"swiper-slide-inner\"><img decoding=\"async\" class=\"swiper-slide-image\" src=\"https:\/\/emc-studios.com\/wp-content\/uploads\/2026\/08\/about04-img08-2-1.webp\" alt=\"DN AUTOMOTIVE\" \/><\/figure><\/div>\t\t\t<\/div>\n\t\t\t\t\t\t\t\n\t\t\t\t\t\t\t\t\t<\/div>\n\t\t\t\t\t\t<\/div>\n\t\t\t\t<\/div>\n\t\t<div class=\"elementor-element elementor-element-cf4aeab e-con-full e-flex e-con e-parent\" data-id=\"cf4aeab\" data-element_type=\"container\" data-e-type=\"container\" id=\"strategisches-marketing\" data-settings=\"{&quot;background_background&quot;:&quot;classic&quot;}\">\n\t\t\t\t<div class=\"elementor-element elementor-element-f9f2fb4 elementor-widget elementor-widget-heading\" data-id=\"f9f2fb4\" data-element_type=\"widget\" data-e-type=\"widget\" data-widget_type=\"heading.default\">\n\t\t\t\t\t<div class=\"elementor-heading-title elementor-size-default\">Strategisches Marketing &amp; Social Media<\/div>\t\t\t\t<\/div>\n\t\t\t\t<div class=\"elementor-element elementor-element-0665c0f elementor-widget__width-initial elementor-widget elementor-widget-heading\" data-id=\"0665c0f\" data-element_type=\"widget\" data-e-type=\"widget\" data-widget_type=\"heading.default\">\n\t\t\t\t\t<h2 class=\"elementor-heading-title elementor-size-default\">Cases unserer Kunden.<\/h2>\t\t\t\t<\/div>\n\t\t<div class=\"elementor-element elementor-element-9fe43d3 e-con-full e-flex e-con e-child\" data-id=\"9fe43d3\" data-element_type=\"container\" data-e-type=\"container\">\n\t\t<div class=\"elementor-element elementor-element-ee331a2 e-con-full e-flex e-con e-child\" data-id=\"ee331a2\" data-element_type=\"container\" data-e-type=\"container\" data-settings=\"{&quot;background_background&quot;:&quot;classic&quot;}\">\n\t\t<div class=\"elementor-element elementor-element-4b6d681 e-flex e-con-boxed e-con e-child\" data-id=\"4b6d681\" data-element_type=\"container\" data-e-type=\"container\" data-settings=\"{&quot;background_background&quot;:&quot;classic&quot;,&quot;position&quot;:&quot;relative&quot;}\">\n\t\t\t\t\t<div class=\"e-con-inner\">\n\t\t\t\t<div class=\"elementor-element elementor-element-47153e8 elementor-widget elementor-widget-image\" data-id=\"47153e8\" data-element_type=\"widget\" data-e-type=\"widget\" data-widget_type=\"image.default\">\n\t\t\t\t\t\t\t\t\t\t\t\t\t\t\t<img fetchpriority=\"high\" decoding=\"async\" width=\"683\" height=\"1024\" src=\"https:\/\/emc-studios.com\/wp-content\/uploads\/2026\/08\/emc-codex-46-683x1024.webp\" class=\"attachment-large size-large wp-image-40\" alt=\"Koch von Ahsenmacher Catering bei der Arbeit am Herd\" srcset=\"https:\/\/emc-studios.com\/wp-content\/uploads\/2026\/08\/emc-codex-46-683x1024.webp 683w, https:\/\/emc-studios.com\/wp-content\/uploads\/2026\/08\/emc-codex-46-200x300.webp 200w, https:\/\/emc-studios.com\/wp-content\/uploads\/2026\/08\/emc-codex-46-768x1152.webp 768w, https:\/\/emc-studios.com\/wp-content\/uploads\/2026\/08\/emc-codex-46.webp 1000w\" sizes=\"(max-width: 683px) 100vw, 683px\" \/>\t\t\t\t\t\t\t\t\t\t\t\t\t\t\t<\/div>\n\t\t\t\t<div class=\"elementor-element elementor-element-a145742 elementor-widget elementor-widget-heading\" data-id=\"a145742\" data-element_type=\"widget\" data-e-type=\"widget\" data-widget_type=\"heading.default\">\n\t\t\t\t\t<div class=\"elementor-heading-title elementor-size-default\">Case Study \u00f6ffnen \u2192<\/div>\t\t\t\t<\/div>\n\t\t\t\t\t<\/div>\n\t\t\t\t<\/div>\n\t\t<div class=\"elementor-element elementor-element-a2acd9a e-flex e-con-boxed e-con e-child\" data-id=\"a2acd9a\" data-element_type=\"container\" data-e-type=\"container\">\n\t\t\t\t\t<div class=\"e-con-inner\">\n\t\t\t\t<div class=\"elementor-element elementor-element-b10c4c9 elementor-widget elementor-widget-heading\" data-id=\"b10c4c9\" data-element_type=\"widget\" data-e-type=\"widget\" data-widget_type=\"heading.default\">\n\t\t\t\t\t<div class=\"elementor-heading-title elementor-size-default\">Strategisches Marketing \u00b7 Branding \u00b7 Social Media<\/div>\t\t\t\t<\/div>\n\t\t\t\t<div class=\"elementor-element elementor-element-a882f43 elementor-widget elementor-widget-heading\" data-id=\"a882f43\" data-element_type=\"widget\" data-e-type=\"widget\" data-widget_type=\"heading.default\">\n\t\t\t\t\t<h3 class=\"elementor-heading-title elementor-size-default\">Ahsenmacher<\/h3>\t\t\t\t<\/div>\n\t\t\t\t\t<\/div>\n\t\t\t\t<\/div>\n\t\t<div class=\"elementor-element elementor-element-94ab9eb e-con-full e-flex e-con e-child\" data-id=\"94ab9eb\" data-element_type=\"container\" data-e-type=\"container\">\n\t\t<div class=\"elementor-element elementor-element-dead9bc e-con-full e-flex e-con e-child\" data-id=\"dead9bc\" data-element_type=\"container\" data-e-type=\"container\">\n\t\t\t\t<div class=\"elementor-element elementor-element-509ef3d elementor-widget elementor-widget-image\" data-id=\"509ef3d\" data-element_type=\"widget\" data-e-type=\"widget\" data-widget_type=\"image.default\">\n\t\t\t\t\t\t\t\t\t\t\t\t\t\t\t<img decoding=\"async\" width=\"800\" height=\"1000\" src=\"https:\/\/emc-studios.com\/wp-content\/uploads\/2026\/08\/ahsenmacher-phone-819x1024.webp\" class=\"attachment-large size-large wp-image-647\" alt=\"Social-Media-Content f\u00fcr Ahsenmacher\" srcset=\"https:\/\/emc-studios.com\/wp-content\/uploads\/2026\/08\/ahsenmacher-phone-819x1024.webp 819w, https:\/\/emc-studios.com\/wp-content\/uploads\/2026\/08\/ahsenmacher-phone-240x300.webp 240w, https:\/\/emc-studios.com\/wp-content\/uploads\/2026\/08\/ahsenmacher-phone-768x960.webp 768w, https:\/\/emc-studios.com\/wp-content\/uploads\/2026\/08\/ahsenmacher-phone-10x12.webp 10w, https:\/\/emc-studios.com\/wp-content\/uploads\/2026\/08\/ahsenmacher-phone.webp 1122w\" sizes=\"(max-width: 800px) 100vw, 800px\" \/>\t\t\t\t\t\t\t\t\t\t\t\t\t\t\t<\/div>\n\t\t\t\t<\/div>\n\t\t<div class=\"elementor-element elementor-element-80cb3bc e-con-full e-flex e-con e-child\" data-id=\"80cb3bc\" data-element_type=\"container\" data-e-type=\"container\">\n\t\t\t\t<div class=\"elementor-element elementor-element-13c5bb9 elementor-widget elementor-widget-text-editor\" data-id=\"13c5bb9\" data-element_type=\"widget\" data-e-type=\"widget\" data-widget_type=\"text-editor.default\">\n\t\t\t\t\t\t\t\t\t<p>Strategietermine, Kampagnenideen und hochwertiger Content machen die bestehende Gr\u00f6\u00dfe und Qualit\u00e4tsposition der Marke sichtbar. Das Ergebnis: mehr Pr\u00e4senz bei Kunden und im Wettbewerb \u2013 und neue Anfragen als nat\u00fcrlicher Nebeneffekt.<\/p>\t\t\t\t\t\t\t\t<\/div>\n\t\t\t\t<\/div>\n\t\t\t\t<\/div>\n\t\t\t\t<\/div>\n\t\t<div class=\"elementor-element elementor-element-ef62f82 e-con-full e-flex e-con e-child\" data-id=\"ef62f82\" data-element_type=\"container\" data-e-type=\"container\" data-settings=\"{&quot;background_background&quot;:&quot;classic&quot;}\">\n\t\t<div class=\"elementor-element elementor-element-0514b8c e-flex e-con-boxed e-con e-child\" data-id=\"0514b8c\" data-element_type=\"container\" data-e-type=\"container\" data-settings=\"{&quot;background_background&quot;:&quot;classic&quot;,&quot;position&quot;:&quot;relative&quot;}\">\n\t\t\t\t\t<div class=\"e-con-inner\">\n\t\t\t\t<div class=\"elementor-element elementor-element-2cb4a45 elementor-widget elementor-widget-image\" data-id=\"2cb4a45\" data-element_type=\"widget\" data-e-type=\"widget\" data-widget_type=\"image.default\">\n\t\t\t\t\t\t\t\t\t\t\t\t\t\t\t<img decoding=\"async\" width=\"682\" height=\"1024\" src=\"https:\/\/emc-studios.com\/wp-content\/uploads\/2026\/08\/kulturbackhaus-682x1024.webp\" class=\"attachment-large size-large wp-image-59\" alt=\"Brotpr\u00e4sentation in Ulrikes Kulturbackhaus\" srcset=\"https:\/\/emc-studios.com\/wp-content\/uploads\/2026\/08\/kulturbackhaus-682x1024.webp 682w, https:\/\/emc-studios.com\/wp-content\/uploads\/2026\/08\/kulturbackhaus-200x300.webp 200w, https:\/\/emc-studios.com\/wp-content\/uploads\/2026\/08\/kulturbackhaus-768x1152.webp 768w, https:\/\/emc-studios.com\/wp-content\/uploads\/2026\/08\/kulturbackhaus.webp 933w\" sizes=\"(max-width: 682px) 100vw, 682px\" \/>\t\t\t\t\t\t\t\t\t\t\t\t\t\t\t<\/div>\n\t\t\t\t<div class=\"elementor-element elementor-element-e57c796 elementor-widget elementor-widget-heading\" data-id=\"e57c796\" data-element_type=\"widget\" data-e-type=\"widget\" data-widget_type=\"heading.default\">\n\t\t\t\t\t<div class=\"elementor-heading-title elementor-size-default\">Case Study \u00f6ffnen \u2192<\/div>\t\t\t\t<\/div>\n\t\t\t\t\t<\/div>\n\t\t\t\t<\/div>\n\t\t<div class=\"elementor-element elementor-element-69d39fa e-flex e-con-boxed e-con e-child\" data-id=\"69d39fa\" data-element_type=\"container\" data-e-type=\"container\">\n\t\t\t\t\t<div class=\"e-con-inner\">\n\t\t\t\t<div class=\"elementor-element elementor-element-9d2ad3c elementor-widget elementor-widget-heading\" data-id=\"9d2ad3c\" data-element_type=\"widget\" data-e-type=\"widget\" data-widget_type=\"heading.default\">\n\t\t\t\t\t<div class=\"elementor-heading-title elementor-size-default\">Strategisches Marketing \u00b7 Social Media<\/div>\t\t\t\t<\/div>\n\t\t\t\t<div class=\"elementor-element elementor-element-ce0db79 elementor-widget elementor-widget-heading\" data-id=\"ce0db79\" data-element_type=\"widget\" data-e-type=\"widget\" data-widget_type=\"heading.default\">\n\t\t\t\t\t<h3 class=\"elementor-heading-title elementor-size-default\">Ulrikes Kulturbackhaus<\/h3>\t\t\t\t<\/div>\n\t\t\t\t\t<\/div>\n\t\t\t\t<\/div>\n\t\t<div class=\"elementor-element elementor-element-272c47f e-con-full e-flex e-con e-child\" data-id=\"272c47f\" data-element_type=\"container\" data-e-type=\"container\">\n\t\t<div class=\"elementor-element elementor-element-34fbd1e e-con-full e-flex e-con e-child\" data-id=\"34fbd1e\" data-element_type=\"container\" data-e-type=\"container\">\n\t\t\t\t<div class=\"elementor-element elementor-element-956170b elementor-widget__width-inherit elementor-widget elementor-widget-image\" data-id=\"956170b\" data-element_type=\"widget\" data-e-type=\"widget\" data-widget_type=\"image.default\">\n\t\t\t\t\t\t\t\t\t\t\t\t\t\t\t<img loading=\"lazy\" decoding=\"async\" width=\"1122\" height=\"1402\" src=\"https:\/\/emc-studios.com\/wp-content\/uploads\/2026\/08\/ulrikes-phone.webp\" class=\"attachment-full size-full wp-image-648\" alt=\"Social-Media-Content f\u00fcr Ulrikes Kulturbackhaus\" srcset=\"https:\/\/emc-studios.com\/wp-content\/uploads\/2026\/08\/ulrikes-phone.webp 1122w, https:\/\/emc-studios.com\/wp-content\/uploads\/2026\/08\/ulrikes-phone-240x300.webp 240w, https:\/\/emc-studios.com\/wp-content\/uploads\/2026\/08\/ulrikes-phone-819x1024.webp 819w, https:\/\/emc-studios.com\/wp-content\/uploads\/2026\/08\/ulrikes-phone-768x960.webp 768w, https:\/\/emc-studios.com\/wp-content\/uploads\/2026\/08\/ulrikes-phone-10x12.webp 10w\" sizes=\"(max-width: 1122px) 100vw, 1122px\" \/>\t\t\t\t\t\t\t\t\t\t\t\t\t\t\t<\/div>\n\t\t\t\t<\/div>\n\t\t<div class=\"elementor-element elementor-element-c9fbb65 e-con-full e-flex e-con e-child\" data-id=\"c9fbb65\" data-element_type=\"container\" data-e-type=\"container\">\n\t\t\t\t<div class=\"elementor-element elementor-element-e21eb69 elementor-widget__width-initial elementor-widget elementor-widget-text-editor\" data-id=\"e21eb69\" data-element_type=\"widget\" data-e-type=\"widget\" data-widget_type=\"text-editor.default\">\n\t\t\t\t\t\t\t\t\t<p>F\u00fcr die handwerklich hergestellten Produkte und 16 Filialen entsteht eine Kommunikation, die Qualit\u00e4t t\u00e4glich erlebbar macht: klare Themen, durchdachte Kampagnen und Content mit echter N\u00e4he zum Backhandwerk \u2013 passend zur besonderen Stellung der Marke.<\/p>\t\t\t\t\t\t\t\t<\/div>\n\t\t\t\t<\/div>\n\t\t\t\t<\/div>\n\t\t\t\t<\/div>\n\t\t\t\t<div class=\"elementor-element elementor-element-e59e4f6 elementor-widget elementor-widget-html\" data-id=\"e59e4f6\" data-element_type=\"widget\" data-e-type=\"widget\" data-widget_type=\"html.default\">\n\t\t\t\t\t<script>\ndocument.addEventListener('DOMContentLoaded', function () {\n  var emcTriggers = ['ee331a2', 'ef62f82', 'f7ef8e2'];\n  var emcSkip = ['94ab9eb', '272c47f', '489f0d5'];\n\n  emcTriggers.forEach(function (id) {\n    var card = document.querySelector('.elementor-element-' + id);\n    if (!card) return;\n\n    card.addEventListener('click', function (e) {\n      for (var i = 0; i < emcSkip.length; i++) {\n        if (e.target.closest('.elementor-element-' + emcSkip[i])) return;\n      }\n      card.classList.toggle('is-open');\n    });\n  });\n});\n<\/script>\t\t\t\t<\/div>\n\t\t\t\t<\/div>\n\t\t\t\t<\/div>\n\t\t<div class=\"elementor-element elementor-element-1c5d7fa e-con-full e-flex e-con e-parent\" data-id=\"1c5d7fa\" data-element_type=\"container\" data-e-type=\"container\" id=\"imagefilme\" data-settings=\"{&quot;background_background&quot;:&quot;classic&quot;}\">\n\t\t\t\t<div class=\"elementor-element elementor-element-ea782ad elementor-widget elementor-widget-heading\" data-id=\"ea782ad\" data-element_type=\"widget\" data-e-type=\"widget\" data-widget_type=\"heading.default\">\n\t\t\t\t\t<div class=\"elementor-heading-title elementor-size-default\">Imagefilme<\/div>\t\t\t\t<\/div>\n\t\t\t\t<div class=\"elementor-element elementor-element-e0e7b0b elementor-widget elementor-widget-heading\" data-id=\"e0e7b0b\" data-element_type=\"widget\" data-e-type=\"widget\" data-widget_type=\"heading.default\">\n\t\t\t\t\t<h2 class=\"elementor-heading-title elementor-size-default\">Imagefilme<\/h2>\t\t\t\t<\/div>\n\t\t<div class=\"elementor-element elementor-element-ac38139 e-con-full e-flex e-con e-child\" data-id=\"ac38139\" data-element_type=\"container\" data-e-type=\"container\">\n\t\t<div class=\"elementor-element elementor-element-5251e7e e-con-full e-flex e-con e-child\" data-id=\"5251e7e\" data-element_type=\"container\" data-e-type=\"container\" data-settings=\"{&quot;background_background&quot;:&quot;classic&quot;}\">\n\t\t\t\t<div class=\"elementor-element elementor-element-3288cbb elementor-widget elementor-widget-video\" data-id=\"3288cbb\" data-element_type=\"widget\" data-e-type=\"widget\" data-settings=\"{&quot;video_type&quot;:&quot;hosted&quot;,&quot;show_image_overlay&quot;:&quot;yes&quot;,&quot;image_overlay&quot;:{&quot;url&quot;:&quot;http:\\\/\\\/emc-studios.com\\\/wp-content\\\/uploads\\\/2026\\\/08\\\/kanzlei-schuessler-consultation.webp&quot;,&quot;id&quot;:649,&quot;size&quot;:&quot;&quot;},&quot;controls&quot;:&quot;yes&quot;}\" data-widget_type=\"video.default\">\n\t\t\t\t\t\t\t<div class=\"e-hosted-video elementor-wrapper elementor-open-inline\">\n\t\t\t\t\t<video class=\"elementor-video\" src=\"https:\/\/emc-visual-excellence-concepts.info358339.chatgpt.site\/media\/imagefilm-kanzlei-schuessler-frankfurt-silent.mp4\" controls=\"\" preload=\"metadata\" controlsList=\"nodownload\"><\/video>\n\t\t\t\t\t\t<div class=\"elementor-custom-embed-image-overlay\" style=\"background-image: url(https:\/\/emc-studios.com\/wp-content\/uploads\/2026\/08\/kanzlei-schuessler-consultation.webp);\">\n\t\t\t\t\t\t\t\t\t\t\t\t\t\t\t\t<div class=\"elementor-custom-embed-play\" role=\"button\" aria-label=\"Video abspielen\" tabindex=\"0\">\n\t\t\t\t\t\t\t<svg aria-hidden=\"true\" class=\"e-font-icon-svg e-eicon-play\" viewBox=\"0 0 1000 1000\" xmlns=\"http:\/\/www.w3.org\/2000\/svg\"><path d=\"M838 162C746 71 633 25 500 25 371 25 258 71 163 162 71 254 25 367 25 500 25 633 71 746 163 837 254 929 367 979 500 979 633 979 746 933 838 837 929 746 975 633 975 500 975 367 929 254 838 162M808 192C892 279 933 379 933 500 933 621 892 725 808 808 725 892 621 938 500 938 379 938 279 896 196 808 113 725 67 621 67 500 67 379 108 279 196 192 279 108 383 62 500 62 621 62 721 108 808 192M438 392V642L642 517 438 392Z\"><\/path><\/svg>\t\t\t\t\t\t<\/div>\n\t\t\t\t\t\t\t\t\t<\/div>\n\t\t\t\t\t<\/div>\n\t\t\t\t\t\t<\/div>\n\t\t<div class=\"elementor-element elementor-element-9b9d1e6 e-flex e-con-boxed e-con e-child\" data-id=\"9b9d1e6\" data-element_type=\"container\" data-e-type=\"container\">\n\t\t\t\t\t<div class=\"e-con-inner\">\n\t\t\t\t<div class=\"elementor-element elementor-element-c7bc050 elementor-widget elementor-widget-heading\" data-id=\"c7bc050\" data-element_type=\"widget\" data-e-type=\"widget\" data-widget_type=\"heading.default\">\n\t\t\t\t\t<div class=\"elementor-heading-title elementor-size-default\">Imagefilm \u00b7 Frankfurt<\/div>\t\t\t\t<\/div>\n\t\t\t\t<div class=\"elementor-element elementor-element-dfb1a44 elementor-widget elementor-widget-heading\" data-id=\"dfb1a44\" data-element_type=\"widget\" data-e-type=\"widget\" data-widget_type=\"heading.default\">\n\t\t\t\t\t<h3 class=\"elementor-heading-title elementor-size-default\">Kanzlei Sch\u00fcssler<\/h3>\t\t\t\t<\/div>\n\t\t\t\t<div class=\"elementor-element elementor-element-cc56c91 elementor-widget elementor-widget-text-editor\" data-id=\"cc56c91\" data-element_type=\"widget\" data-e-type=\"widget\" data-widget_type=\"text-editor.default\">\n\t\t\t\t\t\t\t\t\t<p>Ein klarer Unternehmensauftritt f\u00fcr eine Kanzlei mit pers\u00f6nlichem Anspruch.<\/p>\t\t\t\t\t\t\t\t<\/div>\n\t\t\t\t\t<\/div>\n\t\t\t\t<\/div>\n\t\t\t\t<\/div>\n\t\t<div class=\"elementor-element elementor-element-6f8a36f e-con-full e-flex e-con e-child\" data-id=\"6f8a36f\" data-element_type=\"container\" data-e-type=\"container\" data-settings=\"{&quot;background_background&quot;:&quot;classic&quot;}\">\n\t\t\t\t<div class=\"elementor-element elementor-element-798932d elementor-widget elementor-widget-video\" data-id=\"798932d\" data-element_type=\"widget\" data-e-type=\"widget\" data-settings=\"{&quot;video_type&quot;:&quot;hosted&quot;,&quot;show_image_overlay&quot;:&quot;yes&quot;,&quot;image_overlay&quot;:{&quot;url&quot;:&quot;http:\\\/\\\/emc-studios.com\\\/wp-content\\\/uploads\\\/2026\\\/08\\\/sg-andernach-frauen-bundesliga-poster.webp&quot;,&quot;id&quot;:650,&quot;size&quot;:&quot;&quot;},&quot;controls&quot;:&quot;yes&quot;}\" data-widget_type=\"video.default\">\n\t\t\t\t\t\t\t<div class=\"e-hosted-video elementor-wrapper elementor-open-inline\">\n\t\t\t\t\t<video class=\"elementor-video\" src=\"https:\/\/emc-visual-excellence-concepts.info358339.chatgpt.site\/media\/sg-andernach-frauen-bundesliga.mp4\" controls=\"\" preload=\"metadata\" controlsList=\"nodownload\"><\/video>\n\t\t\t\t\t\t<div class=\"elementor-custom-embed-image-overlay\" style=\"background-image: url(https:\/\/emc-studios.com\/wp-content\/uploads\/2026\/08\/sg-andernach-frauen-bundesliga-poster.webp);\">\n\t\t\t\t\t\t\t\t\t\t\t\t\t\t\t\t<div class=\"elementor-custom-embed-play\" role=\"button\" aria-label=\"Video abspielen\" tabindex=\"0\">\n\t\t\t\t\t\t\t<svg aria-hidden=\"true\" class=\"e-font-icon-svg e-eicon-play\" viewBox=\"0 0 1000 1000\" xmlns=\"http:\/\/www.w3.org\/2000\/svg\"><path d=\"M838 162C746 71 633 25 500 25 371 25 258 71 163 162 71 254 25 367 25 500 25 633 71 746 163 837 254 929 367 979 500 979 633 979 746 933 838 837 929 746 975 633 975 500 975 367 929 254 838 162M808 192C892 279 933 379 933 500 933 621 892 725 808 808 725 892 621 938 500 938 379 938 279 896 196 808 113 725 67 621 67 500 67 379 108 279 196 192 279 108 383 62 500 62 621 62 721 108 808 192M438 392V642L642 517 438 392Z\"><\/path><\/svg>\t\t\t\t\t\t<\/div>\n\t\t\t\t\t\t\t\t\t<\/div>\n\t\t\t\t\t<\/div>\n\t\t\t\t\t\t<\/div>\n\t\t<div class=\"elementor-element elementor-element-2f34d2e e-flex e-con-boxed e-con e-child\" data-id=\"2f34d2e\" data-element_type=\"container\" data-e-type=\"container\">\n\t\t\t\t\t<div class=\"e-con-inner\">\n\t\t\t\t<div class=\"elementor-element elementor-element-0c2f3ed elementor-widget elementor-widget-heading\" data-id=\"0c2f3ed\" data-element_type=\"widget\" data-e-type=\"widget\" data-widget_type=\"heading.default\">\n\t\t\t\t\t<div class=\"elementor-heading-title elementor-size-default\">Imagefilm \u00b7 Frauen-2. Bundesliga<\/div>\t\t\t\t<\/div>\n\t\t\t\t<div class=\"elementor-element elementor-element-92681af elementor-widget elementor-widget-heading\" data-id=\"92681af\" data-element_type=\"widget\" data-e-type=\"widget\" data-widget_type=\"heading.default\">\n\t\t\t\t\t<h3 class=\"elementor-heading-title elementor-size-default\">SG 99 Andernach<\/h3>\t\t\t\t<\/div>\n\t\t\t\t<div class=\"elementor-element elementor-element-62b24e3 elementor-widget elementor-widget-text-editor\" data-id=\"62b24e3\" data-element_type=\"widget\" data-e-type=\"widget\" data-widget_type=\"text-editor.default\">\n\t\t\t\t\t\t\t\t\t<p>Ein Film \u00fcber die Frauen-Zweitligamannschaft, ihren Zusammenhalt und den Anspruch, auf dem Platz sichtbar zu sein.<\/p>\t\t\t\t\t\t\t\t<\/div>\n\t\t\t\t\t<\/div>\n\t\t\t\t<\/div>\n\t\t\t\t<\/div>\n\t\t\t\t<\/div>\n\t\t\t\t<\/div>\n\t\t<div class=\"elementor-element elementor-element-80b82c0 e-con-full e-flex e-con e-parent\" data-id=\"80b82c0\" data-element_type=\"container\" data-e-type=\"container\" id=\"eventfilme-aftermovies\" data-settings=\"{&quot;background_background&quot;:&quot;classic&quot;}\">\n\t\t\t\t<div class=\"elementor-element elementor-element-33c4315 elementor-widget elementor-widget-heading\" data-id=\"33c4315\" data-element_type=\"widget\" data-e-type=\"widget\" data-widget_type=\"heading.default\">\n\t\t\t\t\t<div class=\"elementor-heading-title elementor-size-default\">Eventfilme &amp; Aftermovies<\/div>\t\t\t\t<\/div>\n\t\t\t\t<div class=\"elementor-element elementor-element-d8468f1 elementor-widget__width-initial elementor-widget elementor-widget-heading\" data-id=\"d8468f1\" data-element_type=\"widget\" data-e-type=\"widget\" data-widget_type=\"heading.default\">\n\t\t\t\t\t<h3 class=\"elementor-heading-title elementor-size-default\">Eventfilme &amp; Aftermovies<\/h3>\t\t\t\t<\/div>\n\t\t<div class=\"elementor-element elementor-element-e9802d3 e-con-full e-flex e-con e-child\" data-id=\"e9802d3\" data-element_type=\"container\" data-e-type=\"container\">\n\t\t<div class=\"elementor-element elementor-element-ea36a20 e-con-full e-flex e-con e-child\" data-id=\"ea36a20\" data-element_type=\"container\" data-e-type=\"container\" data-settings=\"{&quot;background_background&quot;:&quot;classic&quot;}\">\n\t\t\t\t<div class=\"elementor-element elementor-element-7776e86 elementor-widget elementor-widget-video\" data-id=\"7776e86\" data-element_type=\"widget\" data-e-type=\"widget\" data-settings=\"{&quot;video_type&quot;:&quot;hosted&quot;,&quot;show_image_overlay&quot;:&quot;yes&quot;,&quot;image_overlay&quot;:{&quot;url&quot;:&quot;http:\\\/\\\/emc-studios.com\\\/wp-content\\\/uploads\\\/2026\\\/08\\\/dnvt-deutscher-nahverkehrstag.webp&quot;,&quot;id&quot;:651,&quot;size&quot;:&quot;&quot;},&quot;controls&quot;:&quot;yes&quot;}\" data-widget_type=\"video.default\">\n\t\t\t\t\t\t\t<div class=\"e-hosted-video elementor-wrapper elementor-open-inline\">\n\t\t\t\t\t<video class=\"elementor-video\" src=\"https:\/\/emc-visual-excellence-concepts.info358339.chatgpt.site\/media\/dnvt-deutscher-nahverkehrstag.mp4\" controls=\"\" preload=\"metadata\" controlsList=\"nodownload\"><\/video>\n\t\t\t\t\t\t<div class=\"elementor-custom-embed-image-overlay\" style=\"background-image: url(https:\/\/emc-studios.com\/wp-content\/uploads\/2026\/08\/dnvt-deutscher-nahverkehrstag.webp);\">\n\t\t\t\t\t\t\t\t\t\t\t\t\t\t\t\t<div class=\"elementor-custom-embed-play\" role=\"button\" aria-label=\"Video abspielen\" tabindex=\"0\">\n\t\t\t\t\t\t\t<svg aria-hidden=\"true\" class=\"e-font-icon-svg e-eicon-play\" viewBox=\"0 0 1000 1000\" xmlns=\"http:\/\/www.w3.org\/2000\/svg\"><path d=\"M838 162C746 71 633 25 500 25 371 25 258 71 163 162 71 254 25 367 25 500 25 633 71 746 163 837 254 929 367 979 500 979 633 979 746 933 838 837 929 746 975 633 975 500 975 367 929 254 838 162M808 192C892 279 933 379 933 500 933 621 892 725 808 808 725 892 621 938 500 938 379 938 279 896 196 808 113 725 67 621 67 500 67 379 108 279 196 192 279 108 383 62 500 62 621 62 721 108 808 192M438 392V642L642 517 438 392Z\"><\/path><\/svg>\t\t\t\t\t\t<\/div>\n\t\t\t\t\t\t\t\t\t<\/div>\n\t\t\t\t\t<\/div>\n\t\t\t\t\t\t<\/div>\n\t\t<div class=\"elementor-element elementor-element-458e639 e-flex e-con-boxed e-con e-child\" data-id=\"458e639\" data-element_type=\"container\" data-e-type=\"container\">\n\t\t\t\t\t<div class=\"e-con-inner\">\n\t\t\t\t<div class=\"elementor-element elementor-element-0f968f3 elementor-widget elementor-widget-heading\" data-id=\"0f968f3\" data-element_type=\"widget\" data-e-type=\"widget\" data-widget_type=\"heading.default\">\n\t\t\t\t\t<div class=\"elementor-heading-title elementor-size-default\">Eventfilm \u00b7 K\u00f6ln<\/div>\t\t\t\t<\/div>\n\t\t\t\t<div class=\"elementor-element elementor-element-d74e60a elementor-widget elementor-widget-heading\" data-id=\"d74e60a\" data-element_type=\"widget\" data-e-type=\"widget\" data-widget_type=\"heading.default\">\n\t\t\t\t\t<h3 class=\"elementor-heading-title elementor-size-default\">Deutscher Nahverkehrstag<\/h3>\t\t\t\t<\/div>\n\t\t\t\t<div class=\"elementor-element elementor-element-e620d7b elementor-widget elementor-widget-text-editor\" data-id=\"e620d7b\" data-element_type=\"widget\" data-e-type=\"widget\" data-widget_type=\"text-editor.default\">\n\t\t\t\t\t\t\t\t\t<p>Fachpublikum, Mobilit\u00e4t und Austausch \u2013 als pr\u00e4zise verdichteter Eventfilm.<\/p>\t\t\t\t\t\t\t\t<\/div>\n\t\t\t\t\t<\/div>\n\t\t\t\t<\/div>\n\t\t\t\t<\/div>\n\t\t<div class=\"elementor-element elementor-element-3bf7a15 e-con-full e-flex e-con e-child\" data-id=\"3bf7a15\" data-element_type=\"container\" data-e-type=\"container\" data-settings=\"{&quot;background_background&quot;:&quot;classic&quot;}\">\n\t\t\t\t<div class=\"elementor-element elementor-element-e6a9da7 elementor-widget elementor-widget-video\" data-id=\"e6a9da7\" data-element_type=\"widget\" data-e-type=\"widget\" data-settings=\"{&quot;video_type&quot;:&quot;hosted&quot;,&quot;show_image_overlay&quot;:&quot;yes&quot;,&quot;image_overlay&quot;:{&quot;url&quot;:&quot;http:\\\/\\\/emc-studios.com\\\/wp-content\\\/uploads\\\/2026\\\/08\\\/dapo-fachkongress.webp&quot;,&quot;id&quot;:652,&quot;size&quot;:&quot;&quot;},&quot;controls&quot;:&quot;yes&quot;}\" data-widget_type=\"video.default\">\n\t\t\t\t\t\t\t<div class=\"e-hosted-video elementor-wrapper elementor-open-inline\">\n\t\t\t\t\t<video class=\"elementor-video\" src=\"https:\/\/emc-visual-excellence-concepts.info358339.chatgpt.site\/media\/dapo-fachkongress.mp4\" controls=\"\" preload=\"metadata\" controlsList=\"nodownload\"><\/video>\n\t\t\t\t\t\t<div class=\"elementor-custom-embed-image-overlay\" style=\"background-image: url(https:\/\/emc-studios.com\/wp-content\/uploads\/2026\/08\/dapo-fachkongress.webp);\">\n\t\t\t\t\t\t\t\t\t\t\t\t\t\t\t\t<div class=\"elementor-custom-embed-play\" role=\"button\" aria-label=\"Video abspielen\" tabindex=\"0\">\n\t\t\t\t\t\t\t<svg aria-hidden=\"true\" class=\"e-font-icon-svg e-eicon-play\" viewBox=\"0 0 1000 1000\" xmlns=\"http:\/\/www.w3.org\/2000\/svg\"><path d=\"M838 162C746 71 633 25 500 25 371 25 258 71 163 162 71 254 25 367 25 500 25 633 71 746 163 837 254 929 367 979 500 979 633 979 746 933 838 837 929 746 975 633 975 500 975 367 929 254 838 162M808 192C892 279 933 379 933 500 933 621 892 725 808 808 725 892 621 938 500 938 379 938 279 896 196 808 113 725 67 621 67 500 67 379 108 279 196 192 279 108 383 62 500 62 621 62 721 108 808 192M438 392V642L642 517 438 392Z\"><\/path><\/svg>\t\t\t\t\t\t<\/div>\n\t\t\t\t\t\t\t\t\t<\/div>\n\t\t\t\t\t<\/div>\n\t\t\t\t\t\t<\/div>\n\t\t<div class=\"elementor-element elementor-element-0910554 e-flex e-con-boxed e-con e-child\" data-id=\"0910554\" data-element_type=\"container\" data-e-type=\"container\">\n\t\t\t\t\t<div class=\"e-con-inner\">\n\t\t\t\t<div class=\"elementor-element elementor-element-7f395c6 elementor-widget elementor-widget-heading\" data-id=\"7f395c6\" data-element_type=\"widget\" data-e-type=\"widget\" data-widget_type=\"heading.default\">\n\t\t\t\t\t<div class=\"elementor-heading-title elementor-size-default\">Aftermovie \u00b7 Psychoonkologie<\/div>\t\t\t\t<\/div>\n\t\t\t\t<div class=\"elementor-element elementor-element-b5508fb elementor-widget elementor-widget-heading\" data-id=\"b5508fb\" data-element_type=\"widget\" data-e-type=\"widget\" data-widget_type=\"heading.default\">\n\t\t\t\t\t<h3 class=\"elementor-heading-title elementor-size-default\">DAPO Fachkongress<\/h3>\t\t\t\t<\/div>\n\t\t\t\t<div class=\"elementor-element elementor-element-e4faee1 elementor-widget elementor-widget-text-editor\" data-id=\"e4faee1\" data-element_type=\"widget\" data-e-type=\"widget\" data-widget_type=\"text-editor.default\">\n\t\t\t\t\t\t\t\t\t<p>Ein sensibler Fachtag als atmosph\u00e4rischer Aftermovie mit Raum f\u00fcr Begegnung und Inhalt.<\/p>\t\t\t\t\t\t\t\t<\/div>\n\t\t\t\t\t<\/div>\n\t\t\t\t<\/div>\n\t\t\t\t<\/div>\n\t\t\t\t<\/div>\n\t\t\t\t<\/div>\n\t\t<div class=\"elementor-element elementor-element-1c77e69 e-con-full e-flex e-con e-parent\" data-id=\"1c77e69\" data-element_type=\"container\" data-e-type=\"container\" id=\"eventreportage\" data-settings=\"{&quot;background_background&quot;:&quot;classic&quot;}\">\n\t\t<div class=\"elementor-element elementor-element-d5e1a8c e-con-full e-flex e-con e-child\" data-id=\"d5e1a8c\" data-element_type=\"container\" data-e-type=\"container\">\n\t\t\t\t<div class=\"elementor-element elementor-element-585a11a elementor-widget elementor-widget-heading\" data-id=\"585a11a\" data-element_type=\"widget\" data-e-type=\"widget\" data-widget_type=\"heading.default\">\n\t\t\t\t\t<div class=\"elementor-heading-title elementor-size-default\">Eventreportage<\/div>\t\t\t\t<\/div>\n\t\t\t\t<div class=\"elementor-element elementor-element-1fa44c7 elementor-widget__width-initial elementor-widget elementor-widget-heading\" data-id=\"1fa44c7\" data-element_type=\"widget\" data-e-type=\"widget\" data-widget_type=\"heading.default\">\n\t\t\t\t\t<h3 class=\"elementor-heading-title elementor-size-default\">75 Jahre Porsche Koblenz<\/h3>\t\t\t\t<\/div>\n\t\t\t\t<\/div>\n\t\t<div class=\"elementor-element elementor-element-f7ef8e2 e-con-full e-flex e-con e-child\" data-id=\"f7ef8e2\" data-element_type=\"container\" data-e-type=\"container\">\n\t\t<div class=\"elementor-element elementor-element-7cc8510 e-con-full e-flex e-con e-child\" data-id=\"7cc8510\" data-element_type=\"container\" data-e-type=\"container\" data-settings=\"{&quot;background_background&quot;:&quot;classic&quot;,&quot;position&quot;:&quot;relative&quot;}\">\n\t\t\t\t<div class=\"elementor-element elementor-element-3aaabca elementor-widget elementor-widget-image\" data-id=\"3aaabca\" data-element_type=\"widget\" data-e-type=\"widget\" data-widget_type=\"image.default\">\n\t\t\t\t\t\t\t\t\t\t\t\t\t\t\t<img loading=\"lazy\" decoding=\"async\" width=\"682\" height=\"1024\" src=\"https:\/\/emc-studios.com\/wp-content\/uploads\/2026\/08\/porsche-koblenz-gallery-2-682x1024.webp\" class=\"attachment-large size-large wp-image-654\" alt=\"75 Jahre Porsche Koblenz \u2013 Bild 2\" srcset=\"https:\/\/emc-studios.com\/wp-content\/uploads\/2026\/08\/porsche-koblenz-gallery-2-682x1024.webp 682w, https:\/\/emc-studios.com\/wp-content\/uploads\/2026\/08\/porsche-koblenz-gallery-2-200x300.webp 200w, https:\/\/emc-studios.com\/wp-content\/uploads\/2026\/08\/porsche-koblenz-gallery-2-768x1153.webp 768w, https:\/\/emc-studios.com\/wp-content\/uploads\/2026\/08\/porsche-koblenz-gallery-2-1023x1536.webp 1023w, https:\/\/emc-studios.com\/wp-content\/uploads\/2026\/08\/porsche-koblenz-gallery-2-8x12.webp 8w, https:\/\/emc-studios.com\/wp-content\/uploads\/2026\/08\/porsche-koblenz-gallery-2.webp 1066w\" sizes=\"(max-width: 682px) 100vw, 682px\" \/>\t\t\t\t\t\t\t\t\t\t\t\t\t\t\t<\/div>\n\t\t<div class=\"elementor-element elementor-element-84b941b e-con-full e-flex e-con e-child\" data-id=\"84b941b\" data-element_type=\"container\" data-e-type=\"container\" data-settings=\"{&quot;background_background&quot;:&quot;classic&quot;,&quot;position&quot;:&quot;absolute&quot;}\">\n\t\t\t\t<div class=\"elementor-element elementor-element-935fa94 elementor-widget elementor-widget-heading\" data-id=\"935fa94\" data-element_type=\"widget\" data-e-type=\"widget\" data-widget_type=\"heading.default\">\n\t\t\t\t\t<div class=\"elementor-heading-title elementor-size-default\">Galerie \u00f6ffnen \u2192<\/div>\t\t\t\t<\/div>\n\t\t\t\t<div class=\"elementor-element elementor-element-15565bb elementor-widget elementor-widget-heading\" data-id=\"15565bb\" data-element_type=\"widget\" data-e-type=\"widget\" data-widget_type=\"heading.default\">\n\t\t\t\t\t<div class=\"elementor-heading-title elementor-size-default\">26 Bilder<\/div>\t\t\t\t<\/div>\n\t\t\t\t<\/div>\n\t\t\t\t<\/div>\n\t\t<div class=\"elementor-element elementor-element-489f0d5 e-grid e-con-boxed e-con e-child\" data-id=\"489f0d5\" data-element_type=\"container\" data-e-type=\"container\">\n\t\t\t\t\t<div class=\"e-con-inner\">\n\t\t\t\t<div class=\"elementor-element elementor-element-44ed773 elementor-widget elementor-widget-image\" data-id=\"44ed773\" data-element_type=\"widget\" data-e-type=\"widget\" data-widget_type=\"image.default\">\n\t\t\t\t\t\t\t\t\t\t\t\t\t\t\t\t<a href=\"http:\/\/emc-studios.com\/wp-content\/uploads\/2026\/08\/porsche-koblenz-gallery-1.webp\" data-elementor-open-lightbox=\"yes\" data-elementor-lightbox-title=\"75 Jahre Porsche Koblenz - Bild 1\" data-e-action-hash=\"#elementor-action%3Aaction%3Dlightbox%26settings%3DeyJpZCI6NjUzLCJ1cmwiOiJodHRwczpcL1wvZW1jLXN0dWRpb3MuY29tXC93cC1jb250ZW50XC91cGxvYWRzXC8yMDI2XC8wOFwvcG9yc2NoZS1rb2JsZW56LWdhbGxlcnktMS53ZWJwIn0%3D\">\n\t\t\t\t\t\t\t<img loading=\"lazy\" decoding=\"async\" width=\"682\" height=\"1024\" src=\"https:\/\/emc-studios.com\/wp-content\/uploads\/2026\/08\/porsche-koblenz-gallery-1-682x1024.webp\" class=\"attachment-large size-large wp-image-653\" alt=\"75 Jahre Porsche Koblenz \u2013 Bild 1\" srcset=\"https:\/\/emc-studios.com\/wp-content\/uploads\/2026\/08\/porsche-koblenz-gallery-1-682x1024.webp 682w, https:\/\/emc-studios.com\/wp-content\/uploads\/2026\/08\/porsche-koblenz-gallery-1-200x300.webp 200w, https:\/\/emc-studios.com\/wp-content\/uploads\/2026\/08\/porsche-koblenz-gallery-1-768x1153.webp 768w, https:\/\/emc-studios.com\/wp-content\/uploads\/2026\/08\/porsche-koblenz-gallery-1-1023x1536.webp 1023w, https:\/\/emc-studios.com\/wp-content\/uploads\/2026\/08\/porsche-koblenz-gallery-1-8x12.webp 8w, https:\/\/emc-studios.com\/wp-content\/uploads\/2026\/08\/porsche-koblenz-gallery-1.webp 1066w\" sizes=\"(max-width: 682px) 100vw, 682px\" \/>\t\t\t\t\t\t\t\t<\/a>\n\t\t\t\t\t\t\t\t\t\t\t\t\t\t\t<\/div>\n\t\t\t\t<div class=\"elementor-element elementor-element-a7a2627 elementor-widget elementor-widget-image\" data-id=\"a7a2627\" data-element_type=\"widget\" data-e-type=\"widget\" data-widget_type=\"image.default\">\n\t\t\t\t\t\t\t\t\t\t\t\t\t\t\t\t<a href=\"http:\/\/emc-studios.com\/wp-content\/uploads\/2026\/08\/porsche-koblenz-gallery-2.webp\" data-elementor-open-lightbox=\"yes\" data-elementor-lightbox-title=\"75 Jahre Porsche Koblenz - Bild 2\" data-e-action-hash=\"#elementor-action%3Aaction%3Dlightbox%26settings%3DeyJpZCI6NjU0LCJ1cmwiOiJodHRwczpcL1wvZW1jLXN0dWRpb3MuY29tXC93cC1jb250ZW50XC91cGxvYWRzXC8yMDI2XC8wOFwvcG9yc2NoZS1rb2JsZW56LWdhbGxlcnktMi53ZWJwIn0%3D\">\n\t\t\t\t\t\t\t<img loading=\"lazy\" decoding=\"async\" width=\"682\" height=\"1024\" src=\"https:\/\/emc-studios.com\/wp-content\/uploads\/2026\/08\/porsche-koblenz-gallery-2-682x1024.webp\" class=\"attachment-large size-large wp-image-654\" alt=\"75 Jahre Porsche Koblenz \u2013 Bild 2\" srcset=\"https:\/\/emc-studios.com\/wp-content\/uploads\/2026\/08\/porsche-koblenz-gallery-2-682x1024.webp 682w, https:\/\/emc-studios.com\/wp-content\/uploads\/2026\/08\/porsche-koblenz-gallery-2-200x300.webp 200w, https:\/\/emc-studios.com\/wp-content\/uploads\/2026\/08\/porsche-koblenz-gallery-2-768x1153.webp 768w, https:\/\/emc-studios.com\/wp-content\/uploads\/2026\/08\/porsche-koblenz-gallery-2-1023x1536.webp 1023w, https:\/\/emc-studios.com\/wp-content\/uploads\/2026\/08\/porsche-koblenz-gallery-2-8x12.webp 8w, https:\/\/emc-studios.com\/wp-content\/uploads\/2026\/08\/porsche-koblenz-gallery-2.webp 1066w\" sizes=\"(max-width: 682px) 100vw, 682px\" \/>\t\t\t\t\t\t\t\t<\/a>\n\t\t\t\t\t\t\t\t\t\t\t\t\t\t\t<\/div>\n\t\t\t\t<div class=\"elementor-element elementor-element-e03cdad elementor-widget elementor-widget-image\" data-id=\"e03cdad\" data-element_type=\"widget\" data-e-type=\"widget\" data-widget_type=\"image.default\">\n\t\t\t\t\t\t\t\t\t\t\t\t\t\t\t\t<a href=\"http:\/\/emc-studios.com\/wp-content\/uploads\/2026\/08\/porsche-koblenz-gallery-3.webp\" data-elementor-open-lightbox=\"yes\" data-elementor-lightbox-title=\"75 Jahre Porsche Koblenz - Bild 3\" data-e-action-hash=\"#elementor-action%3Aaction%3Dlightbox%26settings%3DeyJpZCI6NjU1LCJ1cmwiOiJodHRwczpcL1wvZW1jLXN0dWRpb3MuY29tXC93cC1jb250ZW50XC91cGxvYWRzXC8yMDI2XC8wOFwvcG9yc2NoZS1rb2JsZW56LWdhbGxlcnktMy53ZWJwIn0%3D\">\n\t\t\t\t\t\t\t<img loading=\"lazy\" decoding=\"async\" width=\"682\" height=\"1024\" src=\"https:\/\/emc-studios.com\/wp-content\/uploads\/2026\/08\/porsche-koblenz-gallery-3-682x1024.webp\" class=\"attachment-large size-large wp-image-655\" alt=\"75 Jahre Porsche Koblenz \u2013 Bild 3\" srcset=\"https:\/\/emc-studios.com\/wp-content\/uploads\/2026\/08\/porsche-koblenz-gallery-3-682x1024.webp 682w, https:\/\/emc-studios.com\/wp-content\/uploads\/2026\/08\/porsche-koblenz-gallery-3-200x300.webp 200w, https:\/\/emc-studios.com\/wp-content\/uploads\/2026\/08\/porsche-koblenz-gallery-3-768x1153.webp 768w, https:\/\/emc-studios.com\/wp-content\/uploads\/2026\/08\/porsche-koblenz-gallery-3-1023x1536.webp 1023w, https:\/\/emc-studios.com\/wp-content\/uploads\/2026\/08\/porsche-koblenz-gallery-3-8x12.webp 8w, https:\/\/emc-studios.com\/wp-content\/uploads\/2026\/08\/porsche-koblenz-gallery-3.webp 1066w\" sizes=\"(max-width: 682px) 100vw, 682px\" \/>\t\t\t\t\t\t\t\t<\/a>\n\t\t\t\t\t\t\t\t\t\t\t\t\t\t\t<\/div>\n\t\t\t\t<div class=\"elementor-element elementor-element-0b64775 elementor-widget elementor-widget-image\" data-id=\"0b64775\" data-element_type=\"widget\" data-e-type=\"widget\" data-widget_type=\"image.default\">\n\t\t\t\t\t\t\t\t\t\t\t\t\t\t\t\t<a href=\"http:\/\/emc-studios.com\/wp-content\/uploads\/2026\/08\/porsche-koblenz-gallery-4.webp\" data-elementor-open-lightbox=\"yes\" data-elementor-lightbox-title=\"75 Jahre Porsche Koblenz - Bild 4\" data-e-action-hash=\"#elementor-action%3Aaction%3Dlightbox%26settings%3DeyJpZCI6NjU2LCJ1cmwiOiJodHRwczpcL1wvZW1jLXN0dWRpb3MuY29tXC93cC1jb250ZW50XC91cGxvYWRzXC8yMDI2XC8wOFwvcG9yc2NoZS1rb2JsZW56LWdhbGxlcnktNC53ZWJwIn0%3D\">\n\t\t\t\t\t\t\t<img loading=\"lazy\" decoding=\"async\" width=\"683\" height=\"1024\" src=\"https:\/\/emc-studios.com\/wp-content\/uploads\/2026\/08\/porsche-koblenz-gallery-4-683x1024.webp\" class=\"attachment-large size-large wp-image-656\" alt=\"75 Jahre Porsche Koblenz \u2013 Bild 4\" srcset=\"https:\/\/emc-studios.com\/wp-content\/uploads\/2026\/08\/porsche-koblenz-gallery-4-683x1024.webp 683w, https:\/\/emc-studios.com\/wp-content\/uploads\/2026\/08\/porsche-koblenz-gallery-4-200x300.webp 200w, https:\/\/emc-studios.com\/wp-content\/uploads\/2026\/08\/porsche-koblenz-gallery-4-768x1152.webp 768w, https:\/\/emc-studios.com\/wp-content\/uploads\/2026\/08\/porsche-koblenz-gallery-4-1024x1536.webp 1024w, https:\/\/emc-studios.com\/wp-content\/uploads\/2026\/08\/porsche-koblenz-gallery-4-8x12.webp 8w, https:\/\/emc-studios.com\/wp-content\/uploads\/2026\/08\/porsche-koblenz-gallery-4.webp 1067w\" sizes=\"(max-width: 683px) 100vw, 683px\" \/>\t\t\t\t\t\t\t\t<\/a>\n\t\t\t\t\t\t\t\t\t\t\t\t\t\t\t<\/div>\n\t\t\t\t<div class=\"elementor-element elementor-element-17294ba elementor-widget elementor-widget-image\" data-id=\"17294ba\" data-element_type=\"widget\" data-e-type=\"widget\" data-widget_type=\"image.default\">\n\t\t\t\t\t\t\t\t\t\t\t\t\t\t\t\t<a href=\"http:\/\/emc-studios.com\/wp-content\/uploads\/2026\/08\/porsche-koblenz-gallery-5.webp\" data-elementor-open-lightbox=\"yes\" data-elementor-lightbox-title=\"75 Jahre Porsche Koblenz - Bild 5\" data-e-action-hash=\"#elementor-action%3Aaction%3Dlightbox%26settings%3DeyJpZCI6NjU3LCJ1cmwiOiJodHRwczpcL1wvZW1jLXN0dWRpb3MuY29tXC93cC1jb250ZW50XC91cGxvYWRzXC8yMDI2XC8wOFwvcG9yc2NoZS1rb2JsZW56LWdhbGxlcnktNS53ZWJwIn0%3D\">\n\t\t\t\t\t\t\t<img loading=\"lazy\" decoding=\"async\" width=\"683\" height=\"1024\" src=\"https:\/\/emc-studios.com\/wp-content\/uploads\/2026\/08\/porsche-koblenz-gallery-5-683x1024.webp\" class=\"attachment-large size-large wp-image-657\" alt=\"75 Jahre Porsche Koblenz \u2013 Bild 5\" srcset=\"https:\/\/emc-studios.com\/wp-content\/uploads\/2026\/08\/porsche-koblenz-gallery-5-683x1024.webp 683w, https:\/\/emc-studios.com\/wp-content\/uploads\/2026\/08\/porsche-koblenz-gallery-5-200x300.webp 200w, https:\/\/emc-studios.com\/wp-content\/uploads\/2026\/08\/porsche-koblenz-gallery-5-768x1152.webp 768w, https:\/\/emc-studios.com\/wp-content\/uploads\/2026\/08\/porsche-koblenz-gallery-5-1024x1536.webp 1024w, https:\/\/emc-studios.com\/wp-content\/uploads\/2026\/08\/porsche-koblenz-gallery-5-8x12.webp 8w, https:\/\/emc-studios.com\/wp-content\/uploads\/2026\/08\/porsche-koblenz-gallery-5.webp 1067w\" sizes=\"(max-width: 683px) 100vw, 683px\" \/>\t\t\t\t\t\t\t\t<\/a>\n\t\t\t\t\t\t\t\t\t\t\t\t\t\t\t<\/div>\n\t\t\t\t<div class=\"elementor-element elementor-element-4775880 elementor-widget elementor-widget-image\" data-id=\"4775880\" data-element_type=\"widget\" data-e-type=\"widget\" data-widget_type=\"image.default\">\n\t\t\t\t\t\t\t\t\t\t\t\t\t\t\t\t<a href=\"http:\/\/emc-studios.com\/wp-content\/uploads\/2026\/08\/porsche-koblenz-gallery-6.webp\" data-elementor-open-lightbox=\"yes\" data-elementor-lightbox-title=\"75 Jahre Porsche Koblenz - Bild 6\" data-e-action-hash=\"#elementor-action%3Aaction%3Dlightbox%26settings%3DeyJpZCI6NjU4LCJ1cmwiOiJodHRwczpcL1wvZW1jLXN0dWRpb3MuY29tXC93cC1jb250ZW50XC91cGxvYWRzXC8yMDI2XC8wOFwvcG9yc2NoZS1rb2JsZW56LWdhbGxlcnktNi53ZWJwIn0%3D\">\n\t\t\t\t\t\t\t<img loading=\"lazy\" decoding=\"async\" width=\"683\" height=\"1024\" src=\"https:\/\/emc-studios.com\/wp-content\/uploads\/2026\/08\/porsche-koblenz-gallery-6-683x1024.webp\" class=\"attachment-large size-large wp-image-658\" alt=\"75 Jahre Porsche Koblenz \u2013 Bild 6\" srcset=\"https:\/\/emc-studios.com\/wp-content\/uploads\/2026\/08\/porsche-koblenz-gallery-6-683x1024.webp 683w, https:\/\/emc-studios.com\/wp-content\/uploads\/2026\/08\/porsche-koblenz-gallery-6-200x300.webp 200w, https:\/\/emc-studios.com\/wp-content\/uploads\/2026\/08\/porsche-koblenz-gallery-6-768x1152.webp 768w, https:\/\/emc-studios.com\/wp-content\/uploads\/2026\/08\/porsche-koblenz-gallery-6-1024x1536.webp 1024w, https:\/\/emc-studios.com\/wp-content\/uploads\/2026\/08\/porsche-koblenz-gallery-6-8x12.webp 8w, https:\/\/emc-studios.com\/wp-content\/uploads\/2026\/08\/porsche-koblenz-gallery-6.webp 1067w\" sizes=\"(max-width: 683px) 100vw, 683px\" \/>\t\t\t\t\t\t\t\t<\/a>\n\t\t\t\t\t\t\t\t\t\t\t\t\t\t\t<\/div>\n\t\t\t\t<div class=\"elementor-element elementor-element-4ba64df elementor-widget elementor-widget-image\" data-id=\"4ba64df\" data-element_type=\"widget\" data-e-type=\"widget\" data-widget_type=\"image.default\">\n\t\t\t\t\t\t\t\t\t\t\t\t\t\t\t\t<a href=\"http:\/\/emc-studios.com\/wp-content\/uploads\/2026\/08\/porsche-koblenz-gallery-7.webp\" data-elementor-open-lightbox=\"yes\" data-elementor-lightbox-title=\"75 Jahre Porsche Koblenz - Bild 7\" data-e-action-hash=\"#elementor-action%3Aaction%3Dlightbox%26settings%3DeyJpZCI6NjU5LCJ1cmwiOiJodHRwczpcL1wvZW1jLXN0dWRpb3MuY29tXC93cC1jb250ZW50XC91cGxvYWRzXC8yMDI2XC8wOFwvcG9yc2NoZS1rb2JsZW56LWdhbGxlcnktNy53ZWJwIn0%3D\">\n\t\t\t\t\t\t\t<img loading=\"lazy\" decoding=\"async\" width=\"683\" height=\"1024\" src=\"https:\/\/emc-studios.com\/wp-content\/uploads\/2026\/08\/porsche-koblenz-gallery-7-683x1024.webp\" class=\"attachment-large size-large wp-image-659\" alt=\"75 Jahre Porsche Koblenz \u2013 Bild 7\" srcset=\"https:\/\/emc-studios.com\/wp-content\/uploads\/2026\/08\/porsche-koblenz-gallery-7-683x1024.webp 683w, https:\/\/emc-studios.com\/wp-content\/uploads\/2026\/08\/porsche-koblenz-gallery-7-200x300.webp 200w, https:\/\/emc-studios.com\/wp-content\/uploads\/2026\/08\/porsche-koblenz-gallery-7-768x1152.webp 768w, https:\/\/emc-studios.com\/wp-content\/uploads\/2026\/08\/porsche-koblenz-gallery-7-1024x1536.webp 1024w, https:\/\/emc-studios.com\/wp-content\/uploads\/2026\/08\/porsche-koblenz-gallery-7-8x12.webp 8w, https:\/\/emc-studios.com\/wp-content\/uploads\/2026\/08\/porsche-koblenz-gallery-7.webp 1067w\" sizes=\"(max-width: 683px) 100vw, 683px\" \/>\t\t\t\t\t\t\t\t<\/a>\n\t\t\t\t\t\t\t\t\t\t\t\t\t\t\t<\/div>\n\t\t\t\t<div class=\"elementor-element elementor-element-bcb11eb elementor-widget elementor-widget-image\" data-id=\"bcb11eb\" data-element_type=\"widget\" data-e-type=\"widget\" data-widget_type=\"image.default\">\n\t\t\t\t\t\t\t\t\t\t\t\t\t\t\t\t<a href=\"http:\/\/emc-studios.com\/wp-content\/uploads\/2026\/08\/porsche-koblenz-gallery-8.webp\" data-elementor-open-lightbox=\"yes\" data-elementor-lightbox-title=\"75 Jahre Porsche Koblenz - Bild 8\" data-e-action-hash=\"#elementor-action%3Aaction%3Dlightbox%26settings%3DeyJpZCI6NjYwLCJ1cmwiOiJodHRwczpcL1wvZW1jLXN0dWRpb3MuY29tXC93cC1jb250ZW50XC91cGxvYWRzXC8yMDI2XC8wOFwvcG9yc2NoZS1rb2JsZW56LWdhbGxlcnktOC53ZWJwIn0%3D\">\n\t\t\t\t\t\t\t<img loading=\"lazy\" decoding=\"async\" width=\"684\" height=\"1024\" src=\"https:\/\/emc-studios.com\/wp-content\/uploads\/2026\/08\/porsche-koblenz-gallery-8-684x1024.webp\" class=\"attachment-large size-large wp-image-660\" alt=\"75 Jahre Porsche Koblenz \u2013 Bild 8\" srcset=\"https:\/\/emc-studios.com\/wp-content\/uploads\/2026\/08\/porsche-koblenz-gallery-8-684x1024.webp 684w, https:\/\/emc-studios.com\/wp-content\/uploads\/2026\/08\/porsche-koblenz-gallery-8-200x300.webp 200w, https:\/\/emc-studios.com\/wp-content\/uploads\/2026\/08\/porsche-koblenz-gallery-8-768x1151.webp 768w, https:\/\/emc-studios.com\/wp-content\/uploads\/2026\/08\/porsche-koblenz-gallery-8-1025x1536.webp 1025w, https:\/\/emc-studios.com\/wp-content\/uploads\/2026\/08\/porsche-koblenz-gallery-8-8x12.webp 8w, https:\/\/emc-studios.com\/wp-content\/uploads\/2026\/08\/porsche-koblenz-gallery-8.webp 1068w\" sizes=\"(max-width: 684px) 100vw, 684px\" \/>\t\t\t\t\t\t\t\t<\/a>\n\t\t\t\t\t\t\t\t\t\t\t\t\t\t\t<\/div>\n\t\t\t\t<div class=\"elementor-element elementor-element-0da4fce elementor-widget elementor-widget-image\" data-id=\"0da4fce\" data-element_type=\"widget\" data-e-type=\"widget\" data-widget_type=\"image.default\">\n\t\t\t\t\t\t\t\t\t\t\t\t\t\t\t\t<a href=\"http:\/\/emc-studios.com\/wp-content\/uploads\/2026\/08\/porsche-koblenz-gallery-9.webp\" data-elementor-open-lightbox=\"yes\" data-elementor-lightbox-title=\"75 Jahre Porsche Koblenz - Bild 9\" data-e-action-hash=\"#elementor-action%3Aaction%3Dlightbox%26settings%3DeyJpZCI6NjYxLCJ1cmwiOiJodHRwczpcL1wvZW1jLXN0dWRpb3MuY29tXC93cC1jb250ZW50XC91cGxvYWRzXC8yMDI2XC8wOFwvcG9yc2NoZS1rb2JsZW56LWdhbGxlcnktOS53ZWJwIn0%3D\">\n\t\t\t\t\t\t\t<img loading=\"lazy\" decoding=\"async\" width=\"683\" height=\"1024\" src=\"https:\/\/emc-studios.com\/wp-content\/uploads\/2026\/08\/porsche-koblenz-gallery-9-683x1024.webp\" class=\"attachment-large size-large wp-image-661\" alt=\"75 Jahre Porsche Koblenz \u2013 Bild 9\" srcset=\"https:\/\/emc-studios.com\/wp-content\/uploads\/2026\/08\/porsche-koblenz-gallery-9-683x1024.webp 683w, https:\/\/emc-studios.com\/wp-content\/uploads\/2026\/08\/porsche-koblenz-gallery-9-200x300.webp 200w, https:\/\/emc-studios.com\/wp-content\/uploads\/2026\/08\/porsche-koblenz-gallery-9-768x1152.webp 768w, https:\/\/emc-studios.com\/wp-content\/uploads\/2026\/08\/porsche-koblenz-gallery-9-1024x1536.webp 1024w, https:\/\/emc-studios.com\/wp-content\/uploads\/2026\/08\/porsche-koblenz-gallery-9-8x12.webp 8w, https:\/\/emc-studios.com\/wp-content\/uploads\/2026\/08\/porsche-koblenz-gallery-9.webp 1067w\" sizes=\"(max-width: 683px) 100vw, 683px\" \/>\t\t\t\t\t\t\t\t<\/a>\n\t\t\t\t\t\t\t\t\t\t\t\t\t\t\t<\/div>\n\t\t\t\t<div class=\"elementor-element elementor-element-1c703a0 elementor-widget elementor-widget-image\" data-id=\"1c703a0\" data-element_type=\"widget\" data-e-type=\"widget\" data-widget_type=\"image.default\">\n\t\t\t\t\t\t\t\t\t\t\t\t\t\t\t\t<a href=\"http:\/\/emc-studios.com\/wp-content\/uploads\/2026\/08\/porsche-koblenz-gallery-10.webp\" data-elementor-open-lightbox=\"yes\" data-elementor-lightbox-title=\"75 Jahre Porsche Koblenz - Bild 10\" data-e-action-hash=\"#elementor-action%3Aaction%3Dlightbox%26settings%3DeyJpZCI6NjYyLCJ1cmwiOiJodHRwczpcL1wvZW1jLXN0dWRpb3MuY29tXC93cC1jb250ZW50XC91cGxvYWRzXC8yMDI2XC8wOFwvcG9yc2NoZS1rb2JsZW56LWdhbGxlcnktMTAud2VicCJ9\">\n\t\t\t\t\t\t\t<img loading=\"lazy\" decoding=\"async\" width=\"683\" height=\"1024\" src=\"https:\/\/emc-studios.com\/wp-content\/uploads\/2026\/08\/porsche-koblenz-gallery-10-683x1024.webp\" class=\"attachment-large size-large wp-image-662\" alt=\"75 Jahre Porsche Koblenz \u2013 Bild 10\" srcset=\"https:\/\/emc-studios.com\/wp-content\/uploads\/2026\/08\/porsche-koblenz-gallery-10-683x1024.webp 683w, https:\/\/emc-studios.com\/wp-content\/uploads\/2026\/08\/porsche-koblenz-gallery-10-200x300.webp 200w, https:\/\/emc-studios.com\/wp-content\/uploads\/2026\/08\/porsche-koblenz-gallery-10-768x1152.webp 768w, https:\/\/emc-studios.com\/wp-content\/uploads\/2026\/08\/porsche-koblenz-gallery-10-1024x1536.webp 1024w, https:\/\/emc-studios.com\/wp-content\/uploads\/2026\/08\/porsche-koblenz-gallery-10-8x12.webp 8w, https:\/\/emc-studios.com\/wp-content\/uploads\/2026\/08\/porsche-koblenz-gallery-10.webp 1067w\" sizes=\"(max-width: 683px) 100vw, 683px\" \/>\t\t\t\t\t\t\t\t<\/a>\n\t\t\t\t\t\t\t\t\t\t\t\t\t\t\t<\/div>\n\t\t\t\t<div class=\"elementor-element elementor-element-2a05f80 elementor-widget elementor-widget-image\" data-id=\"2a05f80\" data-element_type=\"widget\" data-e-type=\"widget\" data-widget_type=\"image.default\">\n\t\t\t\t\t\t\t\t\t\t\t\t\t\t\t\t<a href=\"http:\/\/emc-studios.com\/wp-content\/uploads\/2026\/08\/porsche-koblenz-gallery-11.webp\" data-elementor-open-lightbox=\"yes\" data-elementor-lightbox-title=\"75 Jahre Porsche Koblenz - Bild 11\" data-e-action-hash=\"#elementor-action%3Aaction%3Dlightbox%26settings%3DeyJpZCI6NjYzLCJ1cmwiOiJodHRwczpcL1wvZW1jLXN0dWRpb3MuY29tXC93cC1jb250ZW50XC91cGxvYWRzXC8yMDI2XC8wOFwvcG9yc2NoZS1rb2JsZW56LWdhbGxlcnktMTEud2VicCJ9\">\n\t\t\t\t\t\t\t<img loading=\"lazy\" decoding=\"async\" width=\"683\" height=\"1024\" src=\"https:\/\/emc-studios.com\/wp-content\/uploads\/2026\/08\/porsche-koblenz-gallery-11-683x1024.webp\" class=\"attachment-large size-large wp-image-663\" alt=\"75 Jahre Porsche Koblenz \u2013 Bild 11\" srcset=\"https:\/\/emc-studios.com\/wp-content\/uploads\/2026\/08\/porsche-koblenz-gallery-11-683x1024.webp 683w, https:\/\/emc-studios.com\/wp-content\/uploads\/2026\/08\/porsche-koblenz-gallery-11-200x300.webp 200w, https:\/\/emc-studios.com\/wp-content\/uploads\/2026\/08\/porsche-koblenz-gallery-11-768x1152.webp 768w, https:\/\/emc-studios.com\/wp-content\/uploads\/2026\/08\/porsche-koblenz-gallery-11-1024x1536.webp 1024w, https:\/\/emc-studios.com\/wp-content\/uploads\/2026\/08\/porsche-koblenz-gallery-11-8x12.webp 8w, https:\/\/emc-studios.com\/wp-content\/uploads\/2026\/08\/porsche-koblenz-gallery-11.webp 1067w\" sizes=\"(max-width: 683px) 100vw, 683px\" \/>\t\t\t\t\t\t\t\t<\/a>\n\t\t\t\t\t\t\t\t\t\t\t\t\t\t\t<\/div>\n\t\t\t\t<div class=\"elementor-element elementor-element-6305d7c elementor-widget elementor-widget-image\" data-id=\"6305d7c\" data-element_type=\"widget\" data-e-type=\"widget\" data-widget_type=\"image.default\">\n\t\t\t\t\t\t\t\t\t\t\t\t\t\t\t\t<a href=\"http:\/\/emc-studios.com\/wp-content\/uploads\/2026\/08\/porsche-koblenz-gallery-12.webp\" data-elementor-open-lightbox=\"yes\" data-elementor-lightbox-title=\"75 Jahre Porsche Koblenz - Bild 12\" data-e-action-hash=\"#elementor-action%3Aaction%3Dlightbox%26settings%3DeyJpZCI6NjY0LCJ1cmwiOiJodHRwczpcL1wvZW1jLXN0dWRpb3MuY29tXC93cC1jb250ZW50XC91cGxvYWRzXC8yMDI2XC8wOFwvcG9yc2NoZS1rb2JsZW56LWdhbGxlcnktMTIud2VicCJ9\">\n\t\t\t\t\t\t\t<img loading=\"lazy\" decoding=\"async\" width=\"800\" height=\"533\" src=\"https:\/\/emc-studios.com\/wp-content\/uploads\/2026\/08\/porsche-koblenz-gallery-12-1024x682.webp\" class=\"attachment-large size-large wp-image-664\" alt=\"75 Jahre Porsche Koblenz \u2013 Bild 12\" srcset=\"https:\/\/emc-studios.com\/wp-content\/uploads\/2026\/08\/porsche-koblenz-gallery-12-1024x682.webp 1024w, https:\/\/emc-studios.com\/wp-content\/uploads\/2026\/08\/porsche-koblenz-gallery-12-300x200.webp 300w, https:\/\/emc-studios.com\/wp-content\/uploads\/2026\/08\/porsche-koblenz-gallery-12-768x512.webp 768w, https:\/\/emc-studios.com\/wp-content\/uploads\/2026\/08\/porsche-koblenz-gallery-12-1536x1023.webp 1536w, https:\/\/emc-studios.com\/wp-content\/uploads\/2026\/08\/porsche-koblenz-gallery-12-18x12.webp 18w, https:\/\/emc-studios.com\/wp-content\/uploads\/2026\/08\/porsche-koblenz-gallery-12.webp 1600w\" sizes=\"(max-width: 800px) 100vw, 800px\" \/>\t\t\t\t\t\t\t\t<\/a>\n\t\t\t\t\t\t\t\t\t\t\t\t\t\t\t<\/div>\n\t\t\t\t<div class=\"elementor-element elementor-element-b7ade86 elementor-widget elementor-widget-image\" data-id=\"b7ade86\" data-element_type=\"widget\" data-e-type=\"widget\" data-widget_type=\"image.default\">\n\t\t\t\t\t\t\t\t\t\t\t\t\t\t\t\t<a href=\"http:\/\/emc-studios.com\/wp-content\/uploads\/2026\/08\/porsche-koblenz-gallery-13.webp\" data-elementor-open-lightbox=\"yes\" data-elementor-lightbox-title=\"75 Jahre Porsche Koblenz - Bild 13\" data-e-action-hash=\"#elementor-action%3Aaction%3Dlightbox%26settings%3DeyJpZCI6NjY1LCJ1cmwiOiJodHRwczpcL1wvZW1jLXN0dWRpb3MuY29tXC93cC1jb250ZW50XC91cGxvYWRzXC8yMDI2XC8wOFwvcG9yc2NoZS1rb2JsZW56LWdhbGxlcnktMTMud2VicCJ9\">\n\t\t\t\t\t\t\t<img loading=\"lazy\" decoding=\"async\" width=\"683\" height=\"1024\" src=\"https:\/\/emc-studios.com\/wp-content\/uploads\/2026\/08\/porsche-koblenz-gallery-13-683x1024.webp\" class=\"attachment-large size-large wp-image-665\" alt=\"75 Jahre Porsche Koblenz \u2013 Bild 13\" srcset=\"https:\/\/emc-studios.com\/wp-content\/uploads\/2026\/08\/porsche-koblenz-gallery-13-683x1024.webp 683w, https:\/\/emc-studios.com\/wp-content\/uploads\/2026\/08\/porsche-koblenz-gallery-13-200x300.webp 200w, https:\/\/emc-studios.com\/wp-content\/uploads\/2026\/08\/porsche-koblenz-gallery-13-768x1152.webp 768w, https:\/\/emc-studios.com\/wp-content\/uploads\/2026\/08\/porsche-koblenz-gallery-13-1024x1536.webp 1024w, https:\/\/emc-studios.com\/wp-content\/uploads\/2026\/08\/porsche-koblenz-gallery-13-8x12.webp 8w, https:\/\/emc-studios.com\/wp-content\/uploads\/2026\/08\/porsche-koblenz-gallery-13.webp 1067w\" sizes=\"(max-width: 683px) 100vw, 683px\" \/>\t\t\t\t\t\t\t\t<\/a>\n\t\t\t\t\t\t\t\t\t\t\t\t\t\t\t<\/div>\n\t\t\t\t<div class=\"elementor-element elementor-element-56abb19 elementor-widget elementor-widget-image\" data-id=\"56abb19\" data-element_type=\"widget\" data-e-type=\"widget\" data-widget_type=\"image.default\">\n\t\t\t\t\t\t\t\t\t\t\t\t\t\t\t\t<a href=\"http:\/\/emc-studios.com\/wp-content\/uploads\/2026\/08\/porsche-koblenz-gallery-14.webp\" data-elementor-open-lightbox=\"yes\" data-elementor-lightbox-title=\"75 Jahre Porsche Koblenz - Bild 14\" data-e-action-hash=\"#elementor-action%3Aaction%3Dlightbox%26settings%3DeyJpZCI6NjY2LCJ1cmwiOiJodHRwczpcL1wvZW1jLXN0dWRpb3MuY29tXC93cC1jb250ZW50XC91cGxvYWRzXC8yMDI2XC8wOFwvcG9yc2NoZS1rb2JsZW56LWdhbGxlcnktMTQud2VicCJ9\">\n\t\t\t\t\t\t\t<img loading=\"lazy\" decoding=\"async\" width=\"684\" height=\"1024\" src=\"https:\/\/emc-studios.com\/wp-content\/uploads\/2026\/08\/porsche-koblenz-gallery-14-684x1024.webp\" class=\"attachment-large size-large wp-image-666\" alt=\"75 Jahre Porsche Koblenz \u2013 Bild 14\" srcset=\"https:\/\/emc-studios.com\/wp-content\/uploads\/2026\/08\/porsche-koblenz-gallery-14-684x1024.webp 684w, https:\/\/emc-studios.com\/wp-content\/uploads\/2026\/08\/porsche-koblenz-gallery-14-200x300.webp 200w, https:\/\/emc-studios.com\/wp-content\/uploads\/2026\/08\/porsche-koblenz-gallery-14-768x1149.webp 768w, https:\/\/emc-studios.com\/wp-content\/uploads\/2026\/08\/porsche-koblenz-gallery-14-1026x1536.webp 1026w, https:\/\/emc-studios.com\/wp-content\/uploads\/2026\/08\/porsche-koblenz-gallery-14-8x12.webp 8w, https:\/\/emc-studios.com\/wp-content\/uploads\/2026\/08\/porsche-koblenz-gallery-14.webp 1069w\" sizes=\"(max-width: 684px) 100vw, 684px\" \/>\t\t\t\t\t\t\t\t<\/a>\n\t\t\t\t\t\t\t\t\t\t\t\t\t\t\t<\/div>\n\t\t\t\t<div class=\"elementor-element elementor-element-abe7fc7 elementor-widget elementor-widget-image\" data-id=\"abe7fc7\" data-element_type=\"widget\" data-e-type=\"widget\" data-widget_type=\"image.default\">\n\t\t\t\t\t\t\t\t\t\t\t\t\t\t\t\t<a href=\"http:\/\/emc-studios.com\/wp-content\/uploads\/2026\/08\/porsche-koblenz-gallery-15.webp\" data-elementor-open-lightbox=\"yes\" data-elementor-lightbox-title=\"75 Jahre Porsche Koblenz - Bild 15\" data-e-action-hash=\"#elementor-action%3Aaction%3Dlightbox%26settings%3DeyJpZCI6NjY3LCJ1cmwiOiJodHRwczpcL1wvZW1jLXN0dWRpb3MuY29tXC93cC1jb250ZW50XC91cGxvYWRzXC8yMDI2XC8wOFwvcG9yc2NoZS1rb2JsZW56LWdhbGxlcnktMTUud2VicCJ9\">\n\t\t\t\t\t\t\t<img loading=\"lazy\" decoding=\"async\" width=\"683\" height=\"1024\" src=\"https:\/\/emc-studios.com\/wp-content\/uploads\/2026\/08\/porsche-koblenz-gallery-15-683x1024.webp\" class=\"attachment-large size-large wp-image-667\" alt=\"75 Jahre Porsche Koblenz \u2013 Bild 15\" srcset=\"https:\/\/emc-studios.com\/wp-content\/uploads\/2026\/08\/porsche-koblenz-gallery-15-683x1024.webp 683w, https:\/\/emc-studios.com\/wp-content\/uploads\/2026\/08\/porsche-koblenz-gallery-15-200x300.webp 200w, https:\/\/emc-studios.com\/wp-content\/uploads\/2026\/08\/porsche-koblenz-gallery-15-768x1152.webp 768w, https:\/\/emc-studios.com\/wp-content\/uploads\/2026\/08\/porsche-koblenz-gallery-15-1024x1536.webp 1024w, https:\/\/emc-studios.com\/wp-content\/uploads\/2026\/08\/porsche-koblenz-gallery-15-8x12.webp 8w, https:\/\/emc-studios.com\/wp-content\/uploads\/2026\/08\/porsche-koblenz-gallery-15.webp 1067w\" sizes=\"(max-width: 683px) 100vw, 683px\" \/>\t\t\t\t\t\t\t\t<\/a>\n\t\t\t\t\t\t\t\t\t\t\t\t\t\t\t<\/div>\n\t\t\t\t<div class=\"elementor-element elementor-element-4bd1175 elementor-widget elementor-widget-image\" data-id=\"4bd1175\" data-element_type=\"widget\" data-e-type=\"widget\" data-widget_type=\"image.default\">\n\t\t\t\t\t\t\t\t\t\t\t\t\t\t\t\t<a href=\"http:\/\/emc-studios.com\/wp-content\/uploads\/2026\/08\/porsche-koblenz-gallery-16.webp\" data-elementor-open-lightbox=\"yes\" data-elementor-lightbox-title=\"75 Jahre Porsche Koblenz - Bild 16\" data-e-action-hash=\"#elementor-action%3Aaction%3Dlightbox%26settings%3DeyJpZCI6NjY4LCJ1cmwiOiJodHRwczpcL1wvZW1jLXN0dWRpb3MuY29tXC93cC1jb250ZW50XC91cGxvYWRzXC8yMDI2XC8wOFwvcG9yc2NoZS1rb2JsZW56LWdhbGxlcnktMTYud2VicCJ9\">\n\t\t\t\t\t\t\t<img loading=\"lazy\" decoding=\"async\" width=\"683\" height=\"1024\" src=\"https:\/\/emc-studios.com\/wp-content\/uploads\/2026\/08\/porsche-koblenz-gallery-16-683x1024.webp\" class=\"attachment-large size-large wp-image-668\" alt=\"75 Jahre Porsche Koblenz \u2013 Bild 16\" srcset=\"https:\/\/emc-studios.com\/wp-content\/uploads\/2026\/08\/porsche-koblenz-gallery-16-683x1024.webp 683w, https:\/\/emc-studios.com\/wp-content\/uploads\/2026\/08\/porsche-koblenz-gallery-16-200x300.webp 200w, https:\/\/emc-studios.com\/wp-content\/uploads\/2026\/08\/porsche-koblenz-gallery-16-768x1152.webp 768w, https:\/\/emc-studios.com\/wp-content\/uploads\/2026\/08\/porsche-koblenz-gallery-16-1024x1536.webp 1024w, https:\/\/emc-studios.com\/wp-content\/uploads\/2026\/08\/porsche-koblenz-gallery-16-8x12.webp 8w, https:\/\/emc-studios.com\/wp-content\/uploads\/2026\/08\/porsche-koblenz-gallery-16.webp 1067w\" sizes=\"(max-width: 683px) 100vw, 683px\" \/>\t\t\t\t\t\t\t\t<\/a>\n\t\t\t\t\t\t\t\t\t\t\t\t\t\t\t<\/div>\n\t\t\t\t<div class=\"elementor-element elementor-element-0ab4049 elementor-widget elementor-widget-image\" data-id=\"0ab4049\" data-element_type=\"widget\" data-e-type=\"widget\" data-widget_type=\"image.default\">\n\t\t\t\t\t\t\t\t\t\t\t\t\t\t\t\t<a href=\"http:\/\/emc-studios.com\/wp-content\/uploads\/2026\/08\/porsche-koblenz-gallery-17.webp\" data-elementor-open-lightbox=\"yes\" data-elementor-lightbox-title=\"75 Jahre Porsche Koblenz - Bild 17\" data-e-action-hash=\"#elementor-action%3Aaction%3Dlightbox%26settings%3DeyJpZCI6NjY5LCJ1cmwiOiJodHRwczpcL1wvZW1jLXN0dWRpb3MuY29tXC93cC1jb250ZW50XC91cGxvYWRzXC8yMDI2XC8wOFwvcG9yc2NoZS1rb2JsZW56LWdhbGxlcnktMTcud2VicCJ9\">\n\t\t\t\t\t\t\t<img loading=\"lazy\" decoding=\"async\" width=\"684\" height=\"1024\" src=\"https:\/\/emc-studios.com\/wp-content\/uploads\/2026\/08\/porsche-koblenz-gallery-17-684x1024.webp\" class=\"attachment-large size-large wp-image-669\" alt=\"75 Jahre Porsche Koblenz \u2013 Bild 17\" srcset=\"https:\/\/emc-studios.com\/wp-content\/uploads\/2026\/08\/porsche-koblenz-gallery-17-684x1024.webp 684w, https:\/\/emc-studios.com\/wp-content\/uploads\/2026\/08\/porsche-koblenz-gallery-17-200x300.webp 200w, https:\/\/emc-studios.com\/wp-content\/uploads\/2026\/08\/porsche-koblenz-gallery-17-768x1151.webp 768w, https:\/\/emc-studios.com\/wp-content\/uploads\/2026\/08\/porsche-koblenz-gallery-17-1025x1536.webp 1025w, https:\/\/emc-studios.com\/wp-content\/uploads\/2026\/08\/porsche-koblenz-gallery-17-8x12.webp 8w, https:\/\/emc-studios.com\/wp-content\/uploads\/2026\/08\/porsche-koblenz-gallery-17.webp 1068w\" sizes=\"(max-width: 684px) 100vw, 684px\" \/>\t\t\t\t\t\t\t\t<\/a>\n\t\t\t\t\t\t\t\t\t\t\t\t\t\t\t<\/div>\n\t\t\t\t<div class=\"elementor-element elementor-element-5579347 elementor-widget elementor-widget-image\" data-id=\"5579347\" data-element_type=\"widget\" data-e-type=\"widget\" data-widget_type=\"image.default\">\n\t\t\t\t\t\t\t\t\t\t\t\t\t\t\t\t<a href=\"http:\/\/emc-studios.com\/wp-content\/uploads\/2026\/08\/porsche-koblenz-gallery-18.webp\" data-elementor-open-lightbox=\"yes\" data-elementor-lightbox-title=\"75 Jahre Porsche Koblenz - Bild 18\" data-e-action-hash=\"#elementor-action%3Aaction%3Dlightbox%26settings%3DeyJpZCI6NjcwLCJ1cmwiOiJodHRwczpcL1wvZW1jLXN0dWRpb3MuY29tXC93cC1jb250ZW50XC91cGxvYWRzXC8yMDI2XC8wOFwvcG9yc2NoZS1rb2JsZW56LWdhbGxlcnktMTgud2VicCJ9\">\n\t\t\t\t\t\t\t<img loading=\"lazy\" decoding=\"async\" width=\"682\" height=\"1024\" src=\"https:\/\/emc-studios.com\/wp-content\/uploads\/2026\/08\/porsche-koblenz-gallery-18-682x1024.webp\" class=\"attachment-large size-large wp-image-670\" alt=\"75 Jahre Porsche Koblenz \u2013 Bild 18\" srcset=\"https:\/\/emc-studios.com\/wp-content\/uploads\/2026\/08\/porsche-koblenz-gallery-18-682x1024.webp 682w, https:\/\/emc-studios.com\/wp-content\/uploads\/2026\/08\/porsche-koblenz-gallery-18-200x300.webp 200w, https:\/\/emc-studios.com\/wp-content\/uploads\/2026\/08\/porsche-koblenz-gallery-18-768x1153.webp 768w, https:\/\/emc-studios.com\/wp-content\/uploads\/2026\/08\/porsche-koblenz-gallery-18-1023x1536.webp 1023w, https:\/\/emc-studios.com\/wp-content\/uploads\/2026\/08\/porsche-koblenz-gallery-18-8x12.webp 8w, https:\/\/emc-studios.com\/wp-content\/uploads\/2026\/08\/porsche-koblenz-gallery-18.webp 1066w\" sizes=\"(max-width: 682px) 100vw, 682px\" \/>\t\t\t\t\t\t\t\t<\/a>\n\t\t\t\t\t\t\t\t\t\t\t\t\t\t\t<\/div>\n\t\t\t\t<div class=\"elementor-element elementor-element-6681723 elementor-widget elementor-widget-image\" data-id=\"6681723\" data-element_type=\"widget\" data-e-type=\"widget\" data-widget_type=\"image.default\">\n\t\t\t\t\t\t\t\t\t\t\t\t\t\t\t\t<a href=\"http:\/\/emc-studios.com\/wp-content\/uploads\/2026\/08\/porsche-koblenz-gallery-19.webp\" data-elementor-open-lightbox=\"yes\" data-elementor-lightbox-title=\"75 Jahre Porsche Koblenz - Bild 19\" data-e-action-hash=\"#elementor-action%3Aaction%3Dlightbox%26settings%3DeyJpZCI6NjcxLCJ1cmwiOiJodHRwczpcL1wvZW1jLXN0dWRpb3MuY29tXC93cC1jb250ZW50XC91cGxvYWRzXC8yMDI2XC8wOFwvcG9yc2NoZS1rb2JsZW56LWdhbGxlcnktMTkud2VicCJ9\">\n\t\t\t\t\t\t\t<img loading=\"lazy\" decoding=\"async\" width=\"800\" height=\"533\" src=\"https:\/\/emc-studios.com\/wp-content\/uploads\/2026\/08\/porsche-koblenz-gallery-19-1024x682.webp\" class=\"attachment-large size-large wp-image-671\" alt=\"75 Jahre Porsche Koblenz \u2013 Bild 19\" srcset=\"https:\/\/emc-studios.com\/wp-content\/uploads\/2026\/08\/porsche-koblenz-gallery-19-1024x682.webp 1024w, https:\/\/emc-studios.com\/wp-content\/uploads\/2026\/08\/porsche-koblenz-gallery-19-300x200.webp 300w, https:\/\/emc-studios.com\/wp-content\/uploads\/2026\/08\/porsche-koblenz-gallery-19-768x512.webp 768w, https:\/\/emc-studios.com\/wp-content\/uploads\/2026\/08\/porsche-koblenz-gallery-19-1536x1023.webp 1536w, https:\/\/emc-studios.com\/wp-content\/uploads\/2026\/08\/porsche-koblenz-gallery-19-18x12.webp 18w, https:\/\/emc-studios.com\/wp-content\/uploads\/2026\/08\/porsche-koblenz-gallery-19.webp 1600w\" sizes=\"(max-width: 800px) 100vw, 800px\" \/>\t\t\t\t\t\t\t\t<\/a>\n\t\t\t\t\t\t\t\t\t\t\t\t\t\t\t<\/div>\n\t\t\t\t<div class=\"elementor-element elementor-element-aeae3cf elementor-widget elementor-widget-image\" data-id=\"aeae3cf\" data-element_type=\"widget\" data-e-type=\"widget\" data-widget_type=\"image.default\">\n\t\t\t\t\t\t\t\t\t\t\t\t\t\t\t\t<a href=\"http:\/\/emc-studios.com\/wp-content\/uploads\/2026\/08\/porsche-koblenz-gallery-20.webp\" data-elementor-open-lightbox=\"yes\" data-elementor-lightbox-title=\"75 Jahre Porsche Koblenz - Bild 20\" data-e-action-hash=\"#elementor-action%3Aaction%3Dlightbox%26settings%3DeyJpZCI6NjcyLCJ1cmwiOiJodHRwczpcL1wvZW1jLXN0dWRpb3MuY29tXC93cC1jb250ZW50XC91cGxvYWRzXC8yMDI2XC8wOFwvcG9yc2NoZS1rb2JsZW56LWdhbGxlcnktMjAud2VicCJ9\">\n\t\t\t\t\t\t\t<img loading=\"lazy\" decoding=\"async\" width=\"800\" height=\"533\" src=\"https:\/\/emc-studios.com\/wp-content\/uploads\/2026\/08\/porsche-koblenz-gallery-20-1024x682.webp\" class=\"attachment-large size-large wp-image-672\" alt=\"75 Jahre Porsche Koblenz \u2013 Bild 20\" srcset=\"https:\/\/emc-studios.com\/wp-content\/uploads\/2026\/08\/porsche-koblenz-gallery-20-1024x682.webp 1024w, https:\/\/emc-studios.com\/wp-content\/uploads\/2026\/08\/porsche-koblenz-gallery-20-300x200.webp 300w, https:\/\/emc-studios.com\/wp-content\/uploads\/2026\/08\/porsche-koblenz-gallery-20-768x512.webp 768w, https:\/\/emc-studios.com\/wp-content\/uploads\/2026\/08\/porsche-koblenz-gallery-20-1536x1023.webp 1536w, https:\/\/emc-studios.com\/wp-content\/uploads\/2026\/08\/porsche-koblenz-gallery-20-18x12.webp 18w, https:\/\/emc-studios.com\/wp-content\/uploads\/2026\/08\/porsche-koblenz-gallery-20.webp 1600w\" sizes=\"(max-width: 800px) 100vw, 800px\" \/>\t\t\t\t\t\t\t\t<\/a>\n\t\t\t\t\t\t\t\t\t\t\t\t\t\t\t<\/div>\n\t\t\t\t<div class=\"elementor-element elementor-element-1a23128 elementor-widget elementor-widget-image\" data-id=\"1a23128\" data-element_type=\"widget\" data-e-type=\"widget\" data-widget_type=\"image.default\">\n\t\t\t\t\t\t\t\t\t\t\t\t\t\t\t\t<a href=\"http:\/\/emc-studios.com\/wp-content\/uploads\/2026\/08\/porsche-koblenz-gallery-21.webp\" data-elementor-open-lightbox=\"yes\" data-elementor-lightbox-title=\"75 Jahre Porsche Koblenz - Bild 21\" data-e-action-hash=\"#elementor-action%3Aaction%3Dlightbox%26settings%3DeyJpZCI6NjczLCJ1cmwiOiJodHRwczpcL1wvZW1jLXN0dWRpb3MuY29tXC93cC1jb250ZW50XC91cGxvYWRzXC8yMDI2XC8wOFwvcG9yc2NoZS1rb2JsZW56LWdhbGxlcnktMjEud2VicCJ9\">\n\t\t\t\t\t\t\t<img loading=\"lazy\" decoding=\"async\" width=\"682\" height=\"1024\" src=\"https:\/\/emc-studios.com\/wp-content\/uploads\/2026\/08\/porsche-koblenz-gallery-21-682x1024.webp\" class=\"attachment-large size-large wp-image-673\" alt=\"75 Jahre Porsche Koblenz \u2013 Bild 21\" srcset=\"https:\/\/emc-studios.com\/wp-content\/uploads\/2026\/08\/porsche-koblenz-gallery-21-682x1024.webp 682w, https:\/\/emc-studios.com\/wp-content\/uploads\/2026\/08\/porsche-koblenz-gallery-21-200x300.webp 200w, https:\/\/emc-studios.com\/wp-content\/uploads\/2026\/08\/porsche-koblenz-gallery-21-768x1153.webp 768w, https:\/\/emc-studios.com\/wp-content\/uploads\/2026\/08\/porsche-koblenz-gallery-21-1023x1536.webp 1023w, https:\/\/emc-studios.com\/wp-content\/uploads\/2026\/08\/porsche-koblenz-gallery-21-8x12.webp 8w, https:\/\/emc-studios.com\/wp-content\/uploads\/2026\/08\/porsche-koblenz-gallery-21.webp 1066w\" sizes=\"(max-width: 682px) 100vw, 682px\" \/>\t\t\t\t\t\t\t\t<\/a>\n\t\t\t\t\t\t\t\t\t\t\t\t\t\t\t<\/div>\n\t\t\t\t<div class=\"elementor-element elementor-element-4aef0fe elementor-widget elementor-widget-image\" data-id=\"4aef0fe\" data-element_type=\"widget\" data-e-type=\"widget\" data-widget_type=\"image.default\">\n\t\t\t\t\t\t\t\t\t\t\t\t\t\t\t\t<a href=\"http:\/\/emc-studios.com\/wp-content\/uploads\/2026\/08\/porsche-koblenz-gallery-22.webp\" data-elementor-open-lightbox=\"yes\" data-elementor-lightbox-title=\"75 Jahre Porsche Koblenz - Bild 22\" data-e-action-hash=\"#elementor-action%3Aaction%3Dlightbox%26settings%3DeyJpZCI6Njc0LCJ1cmwiOiJodHRwczpcL1wvZW1jLXN0dWRpb3MuY29tXC93cC1jb250ZW50XC91cGxvYWRzXC8yMDI2XC8wOFwvcG9yc2NoZS1rb2JsZW56LWdhbGxlcnktMjIud2VicCJ9\">\n\t\t\t\t\t\t\t<img loading=\"lazy\" decoding=\"async\" width=\"683\" height=\"1024\" src=\"https:\/\/emc-studios.com\/wp-content\/uploads\/2026\/08\/porsche-koblenz-gallery-22-683x1024.webp\" class=\"attachment-large size-large wp-image-674\" alt=\"75 Jahre Porsche Koblenz \u2013 Bild 22\" srcset=\"https:\/\/emc-studios.com\/wp-content\/uploads\/2026\/08\/porsche-koblenz-gallery-22-683x1024.webp 683w, https:\/\/emc-studios.com\/wp-content\/uploads\/2026\/08\/porsche-koblenz-gallery-22-200x300.webp 200w, https:\/\/emc-studios.com\/wp-content\/uploads\/2026\/08\/porsche-koblenz-gallery-22-768x1152.webp 768w, https:\/\/emc-studios.com\/wp-content\/uploads\/2026\/08\/porsche-koblenz-gallery-22-1024x1536.webp 1024w, https:\/\/emc-studios.com\/wp-content\/uploads\/2026\/08\/porsche-koblenz-gallery-22-8x12.webp 8w, https:\/\/emc-studios.com\/wp-content\/uploads\/2026\/08\/porsche-koblenz-gallery-22.webp 1067w\" sizes=\"(max-width: 683px) 100vw, 683px\" \/>\t\t\t\t\t\t\t\t<\/a>\n\t\t\t\t\t\t\t\t\t\t\t\t\t\t\t<\/div>\n\t\t\t\t<div class=\"elementor-element elementor-element-83fedf8 elementor-widget elementor-widget-image\" data-id=\"83fedf8\" data-element_type=\"widget\" data-e-type=\"widget\" data-widget_type=\"image.default\">\n\t\t\t\t\t\t\t\t\t\t\t\t\t\t\t\t<a href=\"http:\/\/emc-studios.com\/wp-content\/uploads\/2026\/08\/porsche-koblenz-gallery-23.webp\" data-elementor-open-lightbox=\"yes\" data-elementor-lightbox-title=\"75 Jahre Porsche Koblenz - Bild 23\" data-e-action-hash=\"#elementor-action%3Aaction%3Dlightbox%26settings%3DeyJpZCI6Njc1LCJ1cmwiOiJodHRwczpcL1wvZW1jLXN0dWRpb3MuY29tXC93cC1jb250ZW50XC91cGxvYWRzXC8yMDI2XC8wOFwvcG9yc2NoZS1rb2JsZW56LWdhbGxlcnktMjMud2VicCJ9\">\n\t\t\t\t\t\t\t<img loading=\"lazy\" decoding=\"async\" width=\"683\" height=\"1024\" src=\"https:\/\/emc-studios.com\/wp-content\/uploads\/2026\/08\/porsche-koblenz-gallery-23-683x1024.webp\" class=\"attachment-large size-large wp-image-675\" alt=\"75 Jahre Porsche Koblenz \u2013 Bild 23\" srcset=\"https:\/\/emc-studios.com\/wp-content\/uploads\/2026\/08\/porsche-koblenz-gallery-23-683x1024.webp 683w, https:\/\/emc-studios.com\/wp-content\/uploads\/2026\/08\/porsche-koblenz-gallery-23-200x300.webp 200w, https:\/\/emc-studios.com\/wp-content\/uploads\/2026\/08\/porsche-koblenz-gallery-23-768x1152.webp 768w, https:\/\/emc-studios.com\/wp-content\/uploads\/2026\/08\/porsche-koblenz-gallery-23-1024x1536.webp 1024w, https:\/\/emc-studios.com\/wp-content\/uploads\/2026\/08\/porsche-koblenz-gallery-23-8x12.webp 8w, https:\/\/emc-studios.com\/wp-content\/uploads\/2026\/08\/porsche-koblenz-gallery-23.webp 1067w\" sizes=\"(max-width: 683px) 100vw, 683px\" \/>\t\t\t\t\t\t\t\t<\/a>\n\t\t\t\t\t\t\t\t\t\t\t\t\t\t\t<\/div>\n\t\t\t\t<div class=\"elementor-element elementor-element-cfd7760 elementor-widget elementor-widget-image\" data-id=\"cfd7760\" data-element_type=\"widget\" data-e-type=\"widget\" data-widget_type=\"image.default\">\n\t\t\t\t\t\t\t\t\t\t\t\t\t\t\t\t<a href=\"http:\/\/emc-studios.com\/wp-content\/uploads\/2026\/08\/porsche-koblenz-gallery-24.webp\" data-elementor-open-lightbox=\"yes\" data-elementor-lightbox-title=\"75 Jahre Porsche Koblenz - Bild 24\" data-e-action-hash=\"#elementor-action%3Aaction%3Dlightbox%26settings%3DeyJpZCI6Njc2LCJ1cmwiOiJodHRwczpcL1wvZW1jLXN0dWRpb3MuY29tXC93cC1jb250ZW50XC91cGxvYWRzXC8yMDI2XC8wOFwvcG9yc2NoZS1rb2JsZW56LWdhbGxlcnktMjQud2VicCJ9\">\n\t\t\t\t\t\t\t<img loading=\"lazy\" decoding=\"async\" width=\"800\" height=\"533\" src=\"https:\/\/emc-studios.com\/wp-content\/uploads\/2026\/08\/porsche-koblenz-gallery-24-1024x682.webp\" class=\"attachment-large size-large wp-image-676\" alt=\"75 Jahre Porsche Koblenz \u2013 Bild 24\" srcset=\"https:\/\/emc-studios.com\/wp-content\/uploads\/2026\/08\/porsche-koblenz-gallery-24-1024x682.webp 1024w, https:\/\/emc-studios.com\/wp-content\/uploads\/2026\/08\/porsche-koblenz-gallery-24-300x200.webp 300w, https:\/\/emc-studios.com\/wp-content\/uploads\/2026\/08\/porsche-koblenz-gallery-24-768x512.webp 768w, https:\/\/emc-studios.com\/wp-content\/uploads\/2026\/08\/porsche-koblenz-gallery-24-1536x1023.webp 1536w, https:\/\/emc-studios.com\/wp-content\/uploads\/2026\/08\/porsche-koblenz-gallery-24-18x12.webp 18w, https:\/\/emc-studios.com\/wp-content\/uploads\/2026\/08\/porsche-koblenz-gallery-24.webp 1600w\" sizes=\"(max-width: 800px) 100vw, 800px\" \/>\t\t\t\t\t\t\t\t<\/a>\n\t\t\t\t\t\t\t\t\t\t\t\t\t\t\t<\/div>\n\t\t\t\t<div class=\"elementor-element elementor-element-7f18134 elementor-widget elementor-widget-image\" data-id=\"7f18134\" data-element_type=\"widget\" data-e-type=\"widget\" data-widget_type=\"image.default\">\n\t\t\t\t\t\t\t\t\t\t\t\t\t\t\t\t<a href=\"http:\/\/emc-studios.com\/wp-content\/uploads\/2026\/08\/porsche-koblenz-gallery-25.webp\" data-elementor-open-lightbox=\"yes\" data-elementor-lightbox-title=\"75 Jahre Porsche Koblenz - Bild 25\" data-e-action-hash=\"#elementor-action%3Aaction%3Dlightbox%26settings%3DeyJpZCI6Njc3LCJ1cmwiOiJodHRwczpcL1wvZW1jLXN0dWRpb3MuY29tXC93cC1jb250ZW50XC91cGxvYWRzXC8yMDI2XC8wOFwvcG9yc2NoZS1rb2JsZW56LWdhbGxlcnktMjUud2VicCJ9\">\n\t\t\t\t\t\t\t<img loading=\"lazy\" decoding=\"async\" width=\"800\" height=\"533\" src=\"https:\/\/emc-studios.com\/wp-content\/uploads\/2026\/08\/porsche-koblenz-gallery-25-1024x682.webp\" class=\"attachment-large size-large wp-image-677\" alt=\"75 Jahre Porsche Koblenz \u2013 Bild 25\" srcset=\"https:\/\/emc-studios.com\/wp-content\/uploads\/2026\/08\/porsche-koblenz-gallery-25-1024x682.webp 1024w, https:\/\/emc-studios.com\/wp-content\/uploads\/2026\/08\/porsche-koblenz-gallery-25-300x200.webp 300w, https:\/\/emc-studios.com\/wp-content\/uploads\/2026\/08\/porsche-koblenz-gallery-25-768x512.webp 768w, https:\/\/emc-studios.com\/wp-content\/uploads\/2026\/08\/porsche-koblenz-gallery-25-1536x1023.webp 1536w, https:\/\/emc-studios.com\/wp-content\/uploads\/2026\/08\/porsche-koblenz-gallery-25-18x12.webp 18w, https:\/\/emc-studios.com\/wp-content\/uploads\/2026\/08\/porsche-koblenz-gallery-25.webp 1600w\" sizes=\"(max-width: 800px) 100vw, 800px\" \/>\t\t\t\t\t\t\t\t<\/a>\n\t\t\t\t\t\t\t\t\t\t\t\t\t\t\t<\/div>\n\t\t\t\t<div class=\"elementor-element elementor-element-d26233d elementor-widget elementor-widget-image\" data-id=\"d26233d\" data-element_type=\"widget\" data-e-type=\"widget\" data-widget_type=\"image.default\">\n\t\t\t\t\t\t\t\t\t\t\t\t\t\t\t\t<a href=\"http:\/\/emc-studios.com\/wp-content\/uploads\/2026\/08\/porsche-koblenz-gallery-26.webp\" data-elementor-open-lightbox=\"yes\" data-elementor-lightbox-title=\"75 Jahre Porsche Koblenz - Bild 26\" data-e-action-hash=\"#elementor-action%3Aaction%3Dlightbox%26settings%3DeyJpZCI6Njc4LCJ1cmwiOiJodHRwczpcL1wvZW1jLXN0dWRpb3MuY29tXC93cC1jb250ZW50XC91cGxvYWRzXC8yMDI2XC8wOFwvcG9yc2NoZS1rb2JsZW56LWdhbGxlcnktMjYud2VicCJ9\">\n\t\t\t\t\t\t\t<img loading=\"lazy\" decoding=\"async\" width=\"683\" height=\"1024\" src=\"https:\/\/emc-studios.com\/wp-content\/uploads\/2026\/08\/porsche-koblenz-gallery-26-683x1024.webp\" class=\"attachment-large size-large wp-image-678\" alt=\"75 Jahre Porsche Koblenz \u2013 Bild 26\" srcset=\"https:\/\/emc-studios.com\/wp-content\/uploads\/2026\/08\/porsche-koblenz-gallery-26-683x1024.webp 683w, https:\/\/emc-studios.com\/wp-content\/uploads\/2026\/08\/porsche-koblenz-gallery-26-200x300.webp 200w, https:\/\/emc-studios.com\/wp-content\/uploads\/2026\/08\/porsche-koblenz-gallery-26-768x1152.webp 768w, https:\/\/emc-studios.com\/wp-content\/uploads\/2026\/08\/porsche-koblenz-gallery-26-1024x1536.webp 1024w, https:\/\/emc-studios.com\/wp-content\/uploads\/2026\/08\/porsche-koblenz-gallery-26-8x12.webp 8w, https:\/\/emc-studios.com\/wp-content\/uploads\/2026\/08\/porsche-koblenz-gallery-26.webp 1067w\" sizes=\"(max-width: 683px) 100vw, 683px\" \/>\t\t\t\t\t\t\t\t<\/a>\n\t\t\t\t\t\t\t\t\t\t\t\t\t\t\t<\/div>\n\t\t\t\t\t<\/div>\n\t\t\t\t<\/div>\n\t\t\t\t<\/div>\n\t\t\t\t<\/div>\n\t\t\t\t<\/div>\n\t\t","protected":false},"excerpt":{"rendered":"<p>Ausgew\u00e4hlte Arbeiten Kunden, Projekte und Geschichten, die sichtbar wirken. Eine Auswahl aus Film, Event, Fotografie und laufender Markenkommunikation. Strategisches Marketing Imagefilme Eventfilme &amp; Aftermovies Eventreportage Strategisches Marketing &amp; Social Media Cases unserer Kunden. Case Study \u00f6ffnen \u2192 Strategisches Marketing \u00b7 Branding \u00b7 Social Media Ahsenmacher Strategietermine, Kampagnenideen und hochwertiger Content machen die bestehende Gr\u00f6\u00dfe und [&hellip;]<\/p>\n","protected":false},"author":1,"featured_media":36,"parent":0,"menu_order":0,"comment_status":"closed","ping_status":"closed","template":"","meta":{"footnotes":""},"class_list":["post-529","page","type-page","status-publish","has-post-thumbnail","hentry"],"yoast_head":"<!-- This site is optimized with the Yoast SEO plugin v28.3 - https:\/\/yoast.com\/product\/yoast-seo-wordpress\/ -->\n<title>Business Fotografie &amp; Imagefilm Portfolio | EMC Studios<\/title>\n<meta name=\"description\" content=\"Business Fotografie, Imagefilme und Content f\u00fcr Unternehmen und Marken: Entdecken Sie ausgew\u00e4hlte Projekte von EMC Studios aus Koblenz\" \/>\n<meta name=\"robots\" content=\"index, follow, max-snippet:-1, max-image-preview:large, max-video-preview:-1\" \/>\n<link rel=\"canonical\" href=\"https:\/\/emc-studios.com\/en\/portfolio\/\" \/>\n<meta property=\"og:locale\" content=\"en_US\" \/>\n<meta property=\"og:type\" content=\"article\" \/>\n<meta property=\"og:title\" content=\"Business Fotografie &amp; Imagefilm Portfolio | EMC Studios\" \/>\n<meta property=\"og:description\" content=\"Business Fotografie, Imagefilme und Content f\u00fcr Unternehmen und Marken: Entdecken Sie ausgew\u00e4hlte Projekte von EMC Studios aus Koblenz\" \/>\n<meta property=\"og:url\" content=\"https:\/\/emc-studios.com\/en\/portfolio\/\" \/>\n<meta property=\"og:site_name\" content=\"EMC Studios\" \/>\n<meta property=\"article:modified_time\" content=\"2026-09-01T08:56:24+00:00\" \/>\n<meta property=\"og:image\" content=\"https:\/\/emc-studios.com\/wp-content\/uploads\/2026\/08\/emc-codex-34.webp\" \/>\n\t<meta property=\"og:image:width\" content=\"1000\" \/>\n\t<meta property=\"og:image:height\" content=\"1500\" \/>\n\t<meta property=\"og:image:type\" content=\"image\/webp\" \/>\n<meta name=\"twitter:card\" content=\"summary_large_image\" \/>\n<meta name=\"twitter:label1\" content=\"Est. reading time\" \/>\n\t<meta name=\"twitter:data1\" content=\"11 minutes\" \/>\n<script type=\"application\/ld+json\" class=\"yoast-schema-graph\">{\"@context\":\"https:\\\/\\\/schema.org\",\"@graph\":[{\"@type\":\"WebPage\",\"@id\":\"https:\\\/\\\/emc-studios.com\\\/portfolio\\\/\",\"url\":\"https:\\\/\\\/emc-studios.com\\\/portfolio\\\/\",\"name\":\"Business Fotografie & Imagefilm Portfolio | EMC Studios\",\"isPartOf\":{\"@id\":\"https:\\\/\\\/emc-studios.com\\\/#website\"},\"primaryImageOfPage\":{\"@id\":\"https:\\\/\\\/emc-studios.com\\\/portfolio\\\/#primaryimage\"},\"image\":{\"@id\":\"https:\\\/\\\/emc-studios.com\\\/portfolio\\\/#primaryimage\"},\"thumbnailUrl\":\"https:\\\/\\\/emc-studios.com\\\/wp-content\\\/uploads\\\/2026\\\/08\\\/emc-codex-34.webp\",\"datePublished\":\"2026-08-14T12:48:36+00:00\",\"dateModified\":\"2026-09-01T08:56:24+00:00\",\"description\":\"Business Fotografie, Imagefilme und Content f\u00fcr Unternehmen und Marken: Entdecken Sie ausgew\u00e4hlte Projekte von EMC Studios aus Koblenz\",\"breadcrumb\":{\"@id\":\"https:\\\/\\\/emc-studios.com\\\/portfolio\\\/#breadcrumb\"},\"inLanguage\":\"en-US\",\"potentialAction\":[{\"@type\":\"ReadAction\",\"target\":[\"https:\\\/\\\/emc-studios.com\\\/portfolio\\\/\"]}]},{\"@type\":\"ImageObject\",\"inLanguage\":\"en-US\",\"@id\":\"https:\\\/\\\/emc-studios.com\\\/portfolio\\\/#primaryimage\",\"url\":\"https:\\\/\\\/emc-studios.com\\\/wp-content\\\/uploads\\\/2026\\\/08\\\/emc-codex-34.webp\",\"contentUrl\":\"https:\\\/\\\/emc-studios.com\\\/wp-content\\\/uploads\\\/2026\\\/08\\\/emc-codex-34.webp\",\"width\":1000,\"height\":1500,\"caption\":\"Businessfotograf Koblenz\"},{\"@type\":\"BreadcrumbList\",\"@id\":\"https:\\\/\\\/emc-studios.com\\\/portfolio\\\/#breadcrumb\",\"itemListElement\":[{\"@type\":\"ListItem\",\"position\":1,\"name\":\"Start\",\"item\":\"https:\\\/\\\/emc-studios.com\\\/\"},{\"@type\":\"ListItem\",\"position\":2,\"name\":\"Portfolio\"}]},{\"@type\":\"WebSite\",\"@id\":\"https:\\\/\\\/emc-studios.com\\\/#website\",\"url\":\"https:\\\/\\\/emc-studios.com\\\/\",\"name\":\"EMC Studios\",\"description\":\"\",\"publisher\":{\"@id\":\"https:\\\/\\\/emc-studios.com\\\/#organization\"},\"potentialAction\":[{\"@type\":\"SearchAction\",\"target\":{\"@type\":\"EntryPoint\",\"urlTemplate\":\"https:\\\/\\\/emc-studios.com\\\/?s={search_term_string}\"},\"query-input\":{\"@type\":\"PropertyValueSpecification\",\"valueRequired\":true,\"valueName\":\"search_term_string\"}}],\"inLanguage\":\"en-US\"},{\"@type\":\"Organization\",\"@id\":\"https:\\\/\\\/emc-studios.com\\\/#organization\",\"name\":\"EMC Studios\",\"url\":\"https:\\\/\\\/emc-studios.com\\\/\",\"logo\":{\"@type\":\"ImageObject\",\"inLanguage\":\"en-US\",\"@id\":\"https:\\\/\\\/emc-studios.com\\\/#\\\/schema\\\/logo\\\/image\\\/\",\"url\":\"https:\\\/\\\/emc-studios.com\\\/wp-content\\\/uploads\\\/2026\\\/08\\\/emc-studios-white-transparent.png\",\"contentUrl\":\"https:\\\/\\\/emc-studios.com\\\/wp-content\\\/uploads\\\/2026\\\/08\\\/emc-studios-white-transparent.png\",\"width\":365,\"height\":155,\"caption\":\"EMC Studios\"},\"image\":{\"@id\":\"https:\\\/\\\/emc-studios.com\\\/#\\\/schema\\\/logo\\\/image\\\/\"}}]}<\/script>\n<!-- \/ Yoast SEO plugin. -->","yoast_head_json":{"title":"Business Fotografie & Imagefilm Portfolio | EMC Studios","description":"Business Fotografie, Imagefilme und Content f\u00fcr Unternehmen und Marken: Entdecken Sie ausgew\u00e4hlte Projekte von EMC Studios aus Koblenz","robots":{"index":"index","follow":"follow","max-snippet":"max-snippet:-1","max-image-preview":"max-image-preview:large","max-video-preview":"max-video-preview:-1"},"canonical":"https:\/\/emc-studios.com\/en\/portfolio\/","og_locale":"en_US","og_type":"article","og_title":"Business Fotografie & Imagefilm Portfolio | EMC Studios","og_description":"Business Fotografie, Imagefilme und Content f\u00fcr Unternehmen und Marken: Entdecken Sie ausgew\u00e4hlte Projekte von EMC Studios aus Koblenz","og_url":"https:\/\/emc-studios.com\/en\/portfolio\/","og_site_name":"EMC Studios","article_modified_time":"2026-09-01T08:56:24+00:00","og_image":[{"width":1000,"height":1500,"url":"https:\/\/emc-studios.com\/wp-content\/uploads\/2026\/08\/emc-codex-34.webp","type":"image\/webp"}],"twitter_card":"summary_large_image","twitter_misc":{"Est. reading time":"11 minutes"},"schema":{"@context":"https:\/\/schema.org","@graph":[{"@type":"WebPage","@id":"https:\/\/emc-studios.com\/portfolio\/","url":"https:\/\/emc-studios.com\/portfolio\/","name":"Business Fotografie & Imagefilm Portfolio | EMC Studios","isPartOf":{"@id":"https:\/\/emc-studios.com\/#website"},"primaryImageOfPage":{"@id":"https:\/\/emc-studios.com\/portfolio\/#primaryimage"},"image":{"@id":"https:\/\/emc-studios.com\/portfolio\/#primaryimage"},"thumbnailUrl":"https:\/\/emc-studios.com\/wp-content\/uploads\/2026\/08\/emc-codex-34.webp","datePublished":"2026-08-14T12:48:36+00:00","dateModified":"2026-09-01T08:56:24+00:00","description":"Business Fotografie, Imagefilme und Content f\u00fcr Unternehmen und Marken: Entdecken Sie ausgew\u00e4hlte Projekte von EMC Studios aus Koblenz","breadcrumb":{"@id":"https:\/\/emc-studios.com\/portfolio\/#breadcrumb"},"inLanguage":"en-US","potentialAction":[{"@type":"ReadAction","target":["https:\/\/emc-studios.com\/portfolio\/"]}]},{"@type":"ImageObject","inLanguage":"en-US","@id":"https:\/\/emc-studios.com\/portfolio\/#primaryimage","url":"https:\/\/emc-studios.com\/wp-content\/uploads\/2026\/08\/emc-codex-34.webp","contentUrl":"https:\/\/emc-studios.com\/wp-content\/uploads\/2026\/08\/emc-codex-34.webp","width":1000,"height":1500,"caption":"Businessfotograf Koblenz"},{"@type":"BreadcrumbList","@id":"https:\/\/emc-studios.com\/portfolio\/#breadcrumb","itemListElement":[{"@type":"ListItem","position":1,"name":"Start","item":"https:\/\/emc-studios.com\/"},{"@type":"ListItem","position":2,"name":"Portfolio"}]},{"@type":"WebSite","@id":"https:\/\/emc-studios.com\/#website","url":"https:\/\/emc-studios.com\/","name":"EMC Studios","description":"","publisher":{"@id":"https:\/\/emc-studios.com\/#organization"},"potentialAction":[{"@type":"SearchAction","target":{"@type":"EntryPoint","urlTemplate":"https:\/\/emc-studios.com\/?s={search_term_string}"},"query-input":{"@type":"PropertyValueSpecification","valueRequired":true,"valueName":"search_term_string"}}],"inLanguage":"en-US"},{"@type":"Organization","@id":"https:\/\/emc-studios.com\/#organization","name":"EMC Studios","url":"https:\/\/emc-studios.com\/","logo":{"@type":"ImageObject","inLanguage":"en-US","@id":"https:\/\/emc-studios.com\/#\/schema\/logo\/image\/","url":"https:\/\/emc-studios.com\/wp-content\/uploads\/2026\/08\/emc-studios-white-transparent.png","contentUrl":"https:\/\/emc-studios.com\/wp-content\/uploads\/2026\/08\/emc-studios-white-transparent.png","width":365,"height":155,"caption":"EMC Studios"},"image":{"@id":"https:\/\/emc-studios.com\/#\/schema\/logo\/image\/"}}]}},"_links":{"self":[{"href":"https:\/\/emc-studios.com\/en\/wp-json\/wp\/v2\/pages\/529","targetHints":{"allow":["GET"]}}],"collection":[{"href":"https:\/\/emc-studios.com\/en\/wp-json\/wp\/v2\/pages"}],"about":[{"href":"https:\/\/emc-studios.com\/en\/wp-json\/wp\/v2\/types\/page"}],"author":[{"embeddable":true,"href":"https:\/\/emc-studios.com\/en\/wp-json\/wp\/v2\/users\/1"}],"replies":[{"embeddable":true,"href":"https:\/\/emc-studios.com\/en\/wp-json\/wp\/v2\/comments?post=529"}],"version-history":[{"count":445,"href":"https:\/\/emc-studios.com\/en\/wp-json\/wp\/v2\/pages\/529\/revisions"}],"predecessor-version":[{"id":1621,"href":"https:\/\/emc-studios.com\/en\/wp-json\/wp\/v2\/pages\/529\/revisions\/1621"}],"wp:featuredmedia":[{"embeddable":true,"href":"https:\/\/emc-studios.com\/en\/wp-json\/wp\/v2\/media\/36"}],"wp:attachment":[{"href":"https:\/\/emc-studios.com\/en\/wp-json\/wp\/v2\/media?parent=529"}],"curies":[{"name":"wp","href":"https:\/\/api.w.org\/{rel}","templated":true}]}}